{"id":2763,"date":"2020-10-29T05:28:46","date_gmt":"2020-10-29T04:28:46","guid":{"rendered":"https:\/\/www.camping-pyrenees.com\/location-lodge-pyrenees\/"},"modified":"2021-10-25T10:14:28","modified_gmt":"2021-10-25T08:14:28","slug":"alquiler-lodge-pirineos","status":"publish","type":"page","link":"https:\/\/www.camping-pyrenees.com\/es\/alquiler-lodge-pirineos\/","title":{"rendered":"H\u00e9bergements : Tente lodge"},"content":{"rendered":"<section id=\"section-5f85acbd70cfe\"\" class=\"section bg-white p-b-0\" \/><div class=\"container extralarge\"><h1 class=\"element section-title center\">Alquilar una tienda de campa\u00f1a en Aramits<\/h1><\/div><\/section>\n\n<section id=\"section-5fb29922b6973\"\" class=\"section bg-white p-t-0\" \/><div class=\"container extralarge\"><ul class=\"liste-de-page hebergements\"><div class=\"row scroll-x-mobile\"><li class=\"element hebergement call-to-action call-to-action--style-2   nmero-de-habitaciones-2 nmero-de-personas-5 rea-35 de-46\"><div class=\"hebergement_link\" id=\"2696\"><div class=\"call-to-action_image\"><img decoding=\"async\" src=\"https:\/\/www.camping-pyrenees.com\/wp-content\/uploads\/2020\/11\/location-tente-lodge-pyrenees.jpg\" data-src=\"https:\/\/www.camping-pyrenees.com\/wp-content\/uploads\/2020\/11\/location-tente-lodge-pyrenees.jpg\" alt=\"location tente lodge Pyr\u00e9n\u00e9es\" class=\"\" \/><\/div><div class=\"call-to-action_contenu\"><div class=\"call-to-action_titre\">Tienda de campa\u00f1a &#8211; Esprit Nature<\/div><\/div><div class=\"hebergement-attributs\"><span class=\"attribut nmero-de-habitaciones\">2 <\/span><span class=\"attribut nmero-de-personas\">5 <\/span><span class=\"attribut rea\">35m\u00b2<\/span><span class=\"attribut de\">De<br\/> 46\u20ac\/noche<\/span><\/div><\/div><\/li><\/div><\/ul><\/div><\/section>\n\n<section id=\"section-5f85acbd710f2\"\" class=\"section bg-color3 p-t-0 p-b-0\" \/><div class=\"container full\"><div class=\"colonnes-wrap valign-middle \"><div class=\"element colonne p-x-10 p-y-4\"><h2 class=\"element section-title left\">Nuestra gama de tiendas de campa\u00f1a<\/h2><div class=\"element bloc-text justify \">\n\t<p>Con nuestras nuevas tiendas de campa\u00f1a, usted experimentar\u00e1 una experiencia de campamento \u00fanica con nuestras nuevas tiendas de campa\u00f1a. Combinando naturaleza, confort y cambio total de escenario, se mantendr\u00e1 en total relajaci\u00f3n en el coraz\u00f3n del campamento de Baretous.<\/p>\n<p>Ven y rel\u00e1jate y disfruta del placer de acampar con todo el confort del camping <strong class=\"bold color2\">\u00abEsprit Glamping\u00bb<\/strong> en un entorno natural protegido, que encaja perfectamente en este entorno pirenaico.<br \/>\nEn <strong class=\"bold color2\">riverside<\/strong> en paz y tranquilidad, disfrutar\u00e1n de las alegr\u00edas de acampar en Aramits, entre B\u00e9arn y el Pa\u00eds Vasco y cerca de Espa\u00f1a.<\/p>\n<p>Con una superficie de 35 m\u00b2 y con capacidad para alojar hasta 5 personas, la Tent Lodge se compone de 2 habitaciones, entre ellas 1 habitaci\u00f3n principal con cama de matrimonio (140&#215;190 cm) y 1 habitaci\u00f3n doble con entresuelo (140\/90&#215;190). La <strong class=\"bold color2\">cocina espaciosa y confortable <\/strong> est\u00e1 equipada en un estilo vintage y se abre a una terraza cubierta de 12 m\u00b2 con sal\u00f3n y vista a la monta\u00f1a. La tienda tambi\u00e9n est\u00e1 equipada con un ba\u00f1o y un aseo separado. Se alquilan s\u00e1banas y una barbacoa de carb\u00f3n est\u00e1 a su disposici\u00f3n durante su estancia.<\/p>\n<\/div><\/div><div class=\"element colonne mozaique-img p-0\"><div class=\"element images\"><div class=\"image\"><img decoding=\"async\" src=\"https:\/\/www.camping-pyrenees.com\/wp-content\/uploads\/2020\/11\/exterieur-terrasse-tente-lodge-100x84.jpg\" data-src=\"https:\/\/www.camping-pyrenees.com\/wp-content\/uploads\/2020\/11\/exterieur-terrasse-tente-lodge.jpg\" alt=\"exterieur terrasse tente lodge\" class=\"images_image\" \/><\/div><div class=\"image\"><img decoding=\"async\" src=\"https:\/\/www.camping-pyrenees.com\/wp-content\/uploads\/2020\/11\/table-terrasse-tente-lodge-100x84.jpg\" data-src=\"https:\/\/www.camping-pyrenees.com\/wp-content\/uploads\/2020\/11\/table-terrasse-tente-lodge.jpg\" alt=\"table terrasse tente lodge\" class=\"images_image\" \/><\/div><\/div><div class=\"element images\"><div class=\"image\"><img decoding=\"async\" src=\"https:\/\/www.camping-pyrenees.com\/wp-content\/uploads\/2020\/11\/cuisine-tente-lodge-100x84.jpg\" data-src=\"https:\/\/www.camping-pyrenees.com\/wp-content\/uploads\/2020\/11\/cuisine-tente-lodge.jpg\" alt=\"cuisine tente lodge\" class=\"images_image\" \/><\/div><div class=\"image\"><img decoding=\"async\" src=\"https:\/\/www.camping-pyrenees.com\/wp-content\/uploads\/2020\/11\/terrasse-tente-lodge-100x84.jpg\" data-src=\"https:\/\/www.camping-pyrenees.com\/wp-content\/uploads\/2020\/11\/terrasse-tente-lodge.jpg\" alt=\"terrasse-tente-lodge\" class=\"images_image\" \/><\/div><\/div><\/div><\/div><\/div><\/section>\n\n<section id=\"section-5f85a720bbf4a\"\" class=\"section bg-white p-t-0 p-b-0\" \/><div class=\"container full\"><div class=\"colonnes-wrap valign-middle \"><div class=\"element colonne mozaique-img p-0\"><div class=\"element images\"><div class=\"image\"><img decoding=\"async\" src=\"https:\/\/www.camping-pyrenees.com\/wp-content\/uploads\/2020\/11\/salon-jardin-tente-lodge-100x84.jpg\" data-src=\"https:\/\/www.camping-pyrenees.com\/wp-content\/uploads\/2020\/11\/salon-jardin-tente-lodge.jpg\" alt=\"salon jardin tente lodge\" class=\"images_image\" \/><\/div><div class=\"image\"><img decoding=\"async\" src=\"https:\/\/www.camping-pyrenees.com\/wp-content\/uploads\/2020\/11\/chambre-tente-lodge-100x84.jpg\" data-src=\"https:\/\/www.camping-pyrenees.com\/wp-content\/uploads\/2020\/11\/chambre-tente-lodge.jpg\" alt=\"chambre tente lodge\" class=\"images_image\" \/><\/div><\/div><div class=\"element images\"><div class=\"image\"><img decoding=\"async\" src=\"https:\/\/www.camping-pyrenees.com\/wp-content\/uploads\/2020\/11\/exterieur-tente-lodge-100x84.jpg\" data-src=\"https:\/\/www.camping-pyrenees.com\/wp-content\/uploads\/2020\/11\/exterieur-tente-lodge.jpg\" alt=\"exterieur tente lodge\" class=\"images_image\" \/><\/div><div class=\"image\"><img decoding=\"async\" src=\"https:\/\/www.camping-pyrenees.com\/wp-content\/uploads\/2020\/11\/salle-de-bain-tente-lodge-100x84.jpg\" data-src=\"https:\/\/www.camping-pyrenees.com\/wp-content\/uploads\/2020\/11\/salle-de-bain-tente-lodge.jpg\" alt=\"salle de bain tente lodge\" class=\"images_image\" \/><\/div><\/div><\/div><div class=\"element colonne p-x-10 p-y-4\"><h2 class=\"element section-title left\">Viviendas at\u00edpicas en los Pirineos<\/h2><div class=\"element bloc-text justify \">\n\t<p>Una verdadera invitaci\u00f3n a vivir al aire libre en la naturaleza, este at\u00edpico eco-lodge es ideal para la relajaci\u00f3n familiar. En este ins\u00f3lito y confortable alojamiento, en el coraz\u00f3n de los Pirineos, disfrutar\u00e1, despu\u00e9s de un hermoso d\u00eda de paseos y descubrimientos, de los servicios del camping as\u00ed como del \u00e1rea de piscina, que har\u00e1n las delicias de grandes y peque\u00f1os.<\/p>\n<p>Para una <strong class=\"bold color2\">una estancia at\u00edpica<\/strong> y <strong class=\"bold color2\">inc\u00f3modo<\/strong>, elige el eco-lodge y benef\u00edciate de las mejores tarifas. Durante todo el a\u00f1o les ofrecemos alquileres a peque\u00f1os precios para que pasen <strong class=\"bold color2\">vacaciones maravillosas<\/strong>. Al alquilar el eco-lodge se beneficiar\u00e1 de nuestros servicios y de un ambiente agradable para toda la familia.<\/p>\n<\/div><\/div><\/div><\/div><\/section>\n\n<section id=\"section-cta-bottom\"\" class=\"section bg-color3\" \/><div class=\"container extralarge\"><div class=\"element section-title center title-cta\">Descubra nuestros alojamientos<\/div><ul class=\"liste-de-page\"><li class=\"element call-to-action carre call-to-action--style-1 call-to-action--normal\"><a href=\"https:\/\/www.camping-pyrenees.com\/es\/alquiler-casas-moviles-pirineos\/\"  class=\"call-to-action_link\" title=\"Aprende m\u00e1s sobre nuestras casas m\u00f3viles\"><div class=\"call-to-action_image\"><img decoding=\"async\" src=\"https:\/\/www.camping-pyrenees.com\/wp-content\/uploads\/2021\/04\/MH14.2-1-100x56.jpg\" data-src=\"https:\/\/www.camping-pyrenees.com\/wp-content\/uploads\/2021\/04\/MH14.2-1.jpg\" alt=\"location mobile home camping baretous\" class=\"normal\" \/><\/div><div class=\"call-to-action_contenu\"><div class=\"call-to-action_titre\">Nuestras casas m\u00f3viles<\/div><\/div><\/a><\/li><li class=\"element call-to-action carre call-to-action--style-1 call-to-action--normal call-to-action--style-1 call-to-action--normal\"><a href=\"https:\/\/www.camping-pyrenees.com\/es\/alquiler-parcelas-pirineos\/\"  class=\"call-to-action_link\" title=\"Aprende m\u00e1s sobre nuestras parcelas\"><div class=\"call-to-action_image\"><img decoding=\"async\" src=\"https:\/\/www.camping-pyrenees.com\/wp-content\/uploads\/2020\/11\/emplacement-tentes-100x84.jpg\" data-src=\"https:\/\/www.camping-pyrenees.com\/wp-content\/uploads\/2020\/11\/emplacement-tentes.jpg\" alt=\"emplacement tentes\" class=\"normal\" \/><\/div><div class=\"call-to-action_contenu\"><div class=\"call-to-action_titre\">Nuestras parcelas<\/div><\/div><\/a><\/li><li class=\"element call-to-action carre call-to-action--style-1 call-to-action--normal call-to-action--style-1 call-to-action--normal call-to-action--style-1 call-to-action--normal\"><a href=\"https:\/\/www.camping-pyrenees.com\/es\/alquiler-chalet-pirineos\/\"  class=\"call-to-action_link\" title=\"Aprende m\u00e1s sobre nuestras casas de campo\"><div class=\"call-to-action_image\"><img decoding=\"async\" src=\"https:\/\/www.camping-pyrenees.com\/wp-content\/uploads\/2020\/11\/chalet-exterieur-100x56.jpg\" data-src=\"https:\/\/www.camping-pyrenees.com\/wp-content\/uploads\/2020\/11\/chalet-exterieur.jpg\" alt=\"chalet exterieur\" class=\"normal\" \/><\/div><div class=\"call-to-action_contenu\"><div class=\"call-to-action_titre\">Nuestras casas de campo<\/div><\/div><\/a><\/li><\/ul><\/div><\/section>","protected":false},"excerpt":{"rendered":"","protected":false},"author":1,"featured_media":1076,"parent":0,"menu_order":0,"comment_status":"closed","ping_status":"closed","template":"","meta":{"_acf_changed":false,"footnotes":""},"class_list":["post-2763","page","type-page","status-publish","has-post-thumbnail","hentry"],"acf":[],"yoast_head":"<!-- This site is optimized with the Yoast SEO plugin v25.3 - https:\/\/yoast.com\/wordpress\/plugins\/seo\/ -->\n<title>Alquile nuestras tiendas campa\u00f1a Pyr\u00e9n\u00e9es | Alquile una tienda de campa\u00f1a<\/title>\n<meta name=\"robots\" content=\"index, follow, max-snippet:-1, max-image-preview:large, max-video-preview:-1\" \/>\n<link rel=\"canonical\" href=\"https:\/\/www.camping-pyrenees.com\/es\/alquiler-lodge-pirineos\/\" \/>\n<meta property=\"og:locale\" content=\"es_ES\" \/>\n<meta property=\"og:type\" content=\"article\" \/>\n<meta property=\"og:title\" content=\"Alquile nuestras tiendas campa\u00f1a Pyr\u00e9n\u00e9es | Alquile una tienda de campa\u00f1a\" \/>\n<meta property=\"og:url\" content=\"https:\/\/www.camping-pyrenees.com\/es\/alquiler-lodge-pirineos\/\" \/>\n<meta property=\"og:site_name\" content=\"Camping Baretous PYRENEES\" \/>\n<meta property=\"article:modified_time\" content=\"2021-10-25T08:14:28+00:00\" \/>\n<meta property=\"og:image\" content=\"https:\/\/www.camping-pyrenees.com\/wp-content\/uploads\/2020\/11\/exterieur-tentes.jpg\" \/>\n\t<meta property=\"og:image:width\" content=\"1904\" \/>\n\t<meta property=\"og:image:height\" content=\"450\" \/>\n\t<meta property=\"og:image:type\" content=\"image\/jpeg\" \/>\n<meta name=\"twitter:card\" content=\"summary_large_image\" \/>\n<script type=\"application\/ld+json\" class=\"yoast-schema-graph\">{\"@context\":\"https:\/\/schema.org\",\"@graph\":[{\"@type\":\"WebPage\",\"@id\":\"https:\/\/www.camping-pyrenees.com\/es\/alquiler-lodge-pirineos\/\",\"url\":\"https:\/\/www.camping-pyrenees.com\/es\/alquiler-lodge-pirineos\/\",\"name\":\"Alquile nuestras tiendas campa\u00f1a Pyr\u00e9n\u00e9es | Alquile una tienda de campa\u00f1a\",\"isPartOf\":{\"@id\":\"https:\/\/www.camping-pyrenees.com\/es\/#website\"},\"primaryImageOfPage\":{\"@id\":\"https:\/\/www.camping-pyrenees.com\/es\/alquiler-lodge-pirineos\/#primaryimage\"},\"image\":{\"@id\":\"https:\/\/www.camping-pyrenees.com\/es\/alquiler-lodge-pirineos\/#primaryimage\"},\"thumbnailUrl\":\"https:\/\/www.camping-pyrenees.com\/wp-content\/uploads\/2020\/11\/exterieur-tentes.jpg\",\"datePublished\":\"2020-10-29T04:28:46+00:00\",\"dateModified\":\"2021-10-25T08:14:28+00:00\",\"breadcrumb\":{\"@id\":\"https:\/\/www.camping-pyrenees.com\/es\/alquiler-lodge-pirineos\/#breadcrumb\"},\"inLanguage\":\"es\",\"potentialAction\":[{\"@type\":\"ReadAction\",\"target\":[\"https:\/\/www.camping-pyrenees.com\/es\/alquiler-lodge-pirineos\/\"]}]},{\"@type\":\"ImageObject\",\"inLanguage\":\"es\",\"@id\":\"https:\/\/www.camping-pyrenees.com\/es\/alquiler-lodge-pirineos\/#primaryimage\",\"url\":\"https:\/\/www.camping-pyrenees.com\/wp-content\/uploads\/2020\/11\/exterieur-tentes.jpg\",\"contentUrl\":\"https:\/\/www.camping-pyrenees.com\/wp-content\/uploads\/2020\/11\/exterieur-tentes.jpg\",\"width\":1904,\"height\":450,\"caption\":\"exterieur tentes\"},{\"@type\":\"BreadcrumbList\",\"@id\":\"https:\/\/www.camping-pyrenees.com\/es\/alquiler-lodge-pirineos\/#breadcrumb\",\"itemListElement\":[{\"@type\":\"ListItem\",\"position\":1,\"name\":\"Camping Pyr\u00e9n\u00e9es\",\"item\":\"https:\/\/www.camping-pyrenees.com\/es\/\"},{\"@type\":\"ListItem\",\"position\":2,\"name\":\"Alquiler de tiendas de campa\u00f1a\"}]},{\"@type\":\"WebSite\",\"@id\":\"https:\/\/www.camping-pyrenees.com\/es\/#website\",\"url\":\"https:\/\/www.camping-pyrenees.com\/es\/\",\"name\":\"Camping Baretous PYRENEES\",\"description\":\"\",\"potentialAction\":[{\"@type\":\"SearchAction\",\"target\":{\"@type\":\"EntryPoint\",\"urlTemplate\":\"https:\/\/www.camping-pyrenees.com\/es\/?s={search_term_string}\"},\"query-input\":{\"@type\":\"PropertyValueSpecification\",\"valueRequired\":true,\"valueName\":\"search_term_string\"}}],\"inLanguage\":\"es\"}]}<\/script>\n<!-- \/ Yoast SEO plugin. -->","yoast_head_json":{"title":"Alquile nuestras tiendas campa\u00f1a Pyr\u00e9n\u00e9es | Alquile una tienda de campa\u00f1a","robots":{"index":"index","follow":"follow","max-snippet":"max-snippet:-1","max-image-preview":"max-image-preview:large","max-video-preview":"max-video-preview:-1"},"canonical":"https:\/\/www.camping-pyrenees.com\/es\/alquiler-lodge-pirineos\/","og_locale":"es_ES","og_type":"article","og_title":"Alquile nuestras tiendas campa\u00f1a Pyr\u00e9n\u00e9es | Alquile una tienda de campa\u00f1a","og_url":"https:\/\/www.camping-pyrenees.com\/es\/alquiler-lodge-pirineos\/","og_site_name":"Camping Baretous PYRENEES","article_modified_time":"2021-10-25T08:14:28+00:00","og_image":[{"width":1904,"height":450,"url":"https:\/\/www.camping-pyrenees.com\/wp-content\/uploads\/2020\/11\/exterieur-tentes.jpg","type":"image\/jpeg"}],"twitter_card":"summary_large_image","schema":{"@context":"https:\/\/schema.org","@graph":[{"@type":"WebPage","@id":"https:\/\/www.camping-pyrenees.com\/es\/alquiler-lodge-pirineos\/","url":"https:\/\/www.camping-pyrenees.com\/es\/alquiler-lodge-pirineos\/","name":"Alquile nuestras tiendas campa\u00f1a Pyr\u00e9n\u00e9es | Alquile una tienda de campa\u00f1a","isPartOf":{"@id":"https:\/\/www.camping-pyrenees.com\/es\/#website"},"primaryImageOfPage":{"@id":"https:\/\/www.camping-pyrenees.com\/es\/alquiler-lodge-pirineos\/#primaryimage"},"image":{"@id":"https:\/\/www.camping-pyrenees.com\/es\/alquiler-lodge-pirineos\/#primaryimage"},"thumbnailUrl":"https:\/\/www.camping-pyrenees.com\/wp-content\/uploads\/2020\/11\/exterieur-tentes.jpg","datePublished":"2020-10-29T04:28:46+00:00","dateModified":"2021-10-25T08:14:28+00:00","breadcrumb":{"@id":"https:\/\/www.camping-pyrenees.com\/es\/alquiler-lodge-pirineos\/#breadcrumb"},"inLanguage":"es","potentialAction":[{"@type":"ReadAction","target":["https:\/\/www.camping-pyrenees.com\/es\/alquiler-lodge-pirineos\/"]}]},{"@type":"ImageObject","inLanguage":"es","@id":"https:\/\/www.camping-pyrenees.com\/es\/alquiler-lodge-pirineos\/#primaryimage","url":"https:\/\/www.camping-pyrenees.com\/wp-content\/uploads\/2020\/11\/exterieur-tentes.jpg","contentUrl":"https:\/\/www.camping-pyrenees.com\/wp-content\/uploads\/2020\/11\/exterieur-tentes.jpg","width":1904,"height":450,"caption":"exterieur tentes"},{"@type":"BreadcrumbList","@id":"https:\/\/www.camping-pyrenees.com\/es\/alquiler-lodge-pirineos\/#breadcrumb","itemListElement":[{"@type":"ListItem","position":1,"name":"Camping Pyr\u00e9n\u00e9es","item":"https:\/\/www.camping-pyrenees.com\/es\/"},{"@type":"ListItem","position":2,"name":"Alquiler de tiendas de campa\u00f1a"}]},{"@type":"WebSite","@id":"https:\/\/www.camping-pyrenees.com\/es\/#website","url":"https:\/\/www.camping-pyrenees.com\/es\/","name":"Camping Baretous PYRENEES","description":"","potentialAction":[{"@type":"SearchAction","target":{"@type":"EntryPoint","urlTemplate":"https:\/\/www.camping-pyrenees.com\/es\/?s={search_term_string}"},"query-input":{"@type":"PropertyValueSpecification","valueRequired":true,"valueName":"search_term_string"}}],"inLanguage":"es"}]}},"_links":{"self":[{"href":"https:\/\/www.camping-pyrenees.com\/es\/wp-json\/wp\/v2\/pages\/2763"}],"collection":[{"href":"https:\/\/www.camping-pyrenees.com\/es\/wp-json\/wp\/v2\/pages"}],"about":[{"href":"https:\/\/www.camping-pyrenees.com\/es\/wp-json\/wp\/v2\/types\/page"}],"author":[{"embeddable":true,"href":"https:\/\/www.camping-pyrenees.com\/es\/wp-json\/wp\/v2\/users\/1"}],"replies":[{"embeddable":true,"href":"https:\/\/www.camping-pyrenees.com\/es\/wp-json\/wp\/v2\/comments?post=2763"}],"version-history":[{"count":8,"href":"https:\/\/www.camping-pyrenees.com\/es\/wp-json\/wp\/v2\/pages\/2763\/revisions"}],"predecessor-version":[{"id":4056,"href":"https:\/\/www.camping-pyrenees.com\/es\/wp-json\/wp\/v2\/pages\/2763\/revisions\/4056"}],"wp:featuredmedia":[{"embeddable":true,"href":"https:\/\/www.camping-pyrenees.com\/es\/wp-json\/wp\/v2\/media\/1076"}],"wp:attachment":[{"href":"https:\/\/www.camping-pyrenees.com\/es\/wp-json\/wp\/v2\/media?parent=2763"}],"curies":[{"name":"wp","href":"https:\/\/api.w.org\/{rel}","templated":true}]}}