{"id":2781,"date":"2020-10-29T05:27:20","date_gmt":"2020-10-29T04:27:20","guid":{"rendered":"https:\/\/www.camping-pyrenees.com\/location-mobil-home-pyrenees\/"},"modified":"2021-11-03T15:40:36","modified_gmt":"2021-11-03T14:40:36","slug":"alquiler-casas-moviles-pirineos","status":"publish","type":"page","link":"https:\/\/www.camping-pyrenees.com\/es\/alquiler-casas-moviles-pirineos\/","title":{"rendered":"H\u00e9bergements : Mobil-Homes"},"content":{"rendered":"<section id=\"section-5f85acbd70cfe\"\" class=\"section bg-white p-b-0\" \/><div class=\"container extralarge\"><h1 class=\"element section-title center\">Alquiler de casas m\u00f3viles en Aramits<\/h1><\/div><\/section>\n\n<section id=\"section-5fb29922b6973\"\" class=\"section bg-white p-t-0\" \/><div class=\"container extralarge\"><ul class=\"liste-de-page hebergements\"><div class=\"row scroll-x-mobile\"><li class=\"element hebergement call-to-action call-to-action--style-2   nmero-de-habitaciones-2 nmero-de-personas-4 rea-28 de-34\"><div class=\"hebergement_link\" id=\"2698\"><div class=\"call-to-action_image\"><img decoding=\"async\" src=\"https:\/\/www.camping-pyrenees.com\/wp-content\/uploads\/2020\/11\/MH20.1.jpg\" data-src=\"https:\/\/www.camping-pyrenees.com\/wp-content\/uploads\/2020\/11\/MH20.1.jpg\" alt=\"mobile home camping baretous pyr\u00e9n\u00e9es\" class=\"\" \/><\/div><div class=\"call-to-action_contenu\"><div class=\"call-to-action_titre\">Casa m\u00f3vil Classic<\/div><\/div><div class=\"hebergement-attributs\"><span class=\"attribut nmero-de-habitaciones\">2 <\/span><span class=\"attribut nmero-de-personas\">4 <\/span><span class=\"attribut rea\">28m\u00b2<\/span><span class=\"attribut de\">De<br\/> 34\u20ac\/noche<\/span><\/div><\/div><\/li><li class=\"element hebergement call-to-action call-to-action--style-2   nmero-de-habitaciones-2 nmero-de-personas-4 rea-28 de-36 animaux-interdits-span-classhide1span\"><div class=\"hebergement_link\" id=\"3765\"><div class=\"call-to-action_image\"><img decoding=\"async\" src=\"https:\/\/www.camping-pyrenees.com\/wp-content\/uploads\/2021\/10\/mh-confort-plus.jpg\" data-src=\"https:\/\/www.camping-pyrenees.com\/wp-content\/uploads\/2021\/10\/mh-confort-plus.jpg\" alt=\"\" class=\"\" \/><\/div><div class=\"call-to-action_contenu\"><div class=\"call-to-action_titre\">Casa movil Confort<\/div><\/div><div class=\"hebergement-attributs\"><span class=\"attribut nmero-de-habitaciones\">2 <\/span><span class=\"attribut nmero-de-personas\">4 <\/span><span class=\"attribut rea\">28m\u00b2<\/span><span class=\"attribut de\">De<br\/> 36\u20ac\/noche<\/span><span class=\"attribut animaux-interdits\"><span class=\"hide\">1<\/span> <\/span><\/div><\/div><\/li><li class=\"element hebergement call-to-action call-to-action--style-2   nmero-de-habitaciones-2 nmero-de-personas-4 rea-28 de-44 animaux-interdits-span-classhide1span\"><div class=\"hebergement_link\" id=\"3737\"><div class=\"call-to-action_image\"><img decoding=\"async\" src=\"https:\/\/www.camping-pyrenees.com\/wp-content\/uploads\/2020\/11\/02-Loggia-Compact1.jpg\" data-src=\"https:\/\/www.camping-pyrenees.com\/wp-content\/uploads\/2020\/11\/02-Loggia-Compact1.jpg\" alt=\"\" class=\"\" \/><\/div><div class=\"call-to-action_contenu\"><div class=\"call-to-action_titre\">Casa movil Cosy<\/div><\/div><div class=\"hebergement-attributs\"><span class=\"attribut nmero-de-habitaciones\">2 <\/span><span class=\"attribut nmero-de-personas\">4 <\/span><span class=\"attribut rea\">28m\u00b2<\/span><span class=\"attribut de\">De<br\/> 44\u20ac\/noche<\/span><span class=\"attribut animaux-interdits\"><span class=\"hide\">1<\/span> <\/span><\/div><\/div><\/li><\/div><div class=\"row scroll-x-mobile\"><li class=\"element hebergement call-to-action call-to-action--style-2   nmero-de-habitaciones-2 nmero-de-personas-4 rea-32 de-48 animaux-interdits-span-classhide1span\"><div class=\"hebergement_link\" id=\"3711\"><div class=\"call-to-action_image\"><img decoding=\"async\" src=\"https:\/\/www.camping-pyrenees.com\/wp-content\/uploads\/2021\/10\/vignette-mh-prestige.jpg\" data-src=\"https:\/\/www.camping-pyrenees.com\/wp-content\/uploads\/2021\/10\/vignette-mh-prestige.jpg\" alt=\"\" class=\"\" \/><\/div><div class=\"call-to-action_contenu\"><div class=\"call-to-action_titre\">Casa movil Prestige<\/div><\/div><div class=\"hebergement-attributs\"><span class=\"attribut nmero-de-habitaciones\">2 <\/span><span class=\"attribut nmero-de-personas\">4 <\/span><span class=\"attribut rea\">32m\u00b2<\/span><span class=\"attribut de\">De<br\/> 48\u20ac\/noche<\/span><span class=\"attribut animaux-interdits\"><span class=\"hide\">1<\/span> <\/span><\/div><\/div><\/li><li class=\"element hebergement call-to-action call-to-action--style-2   nmero-de-habitaciones-2 nmero-de-personas-5 rea-30 de-40\"><div class=\"hebergement_link\" id=\"2700\"><div class=\"call-to-action_image\"><img decoding=\"async\" src=\"https:\/\/www.camping-pyrenees.com\/wp-content\/uploads\/2020\/11\/vignette-mh-tribu.jpg\" data-src=\"https:\/\/www.camping-pyrenees.com\/wp-content\/uploads\/2020\/11\/vignette-mh-tribu.jpg\" alt=\"\" class=\"\" \/><\/div><div class=\"call-to-action_contenu\"><div class=\"call-to-action_titre\">Casa Movil Tribu<\/div><\/div><div class=\"hebergement-attributs\"><span class=\"attribut nmero-de-habitaciones\">2 <\/span><span class=\"attribut nmero-de-personas\">5 <\/span><span class=\"attribut rea\">30m\u00b2<\/span><span class=\"attribut de\">De<br\/> 40\u20ac\/noche<\/span><\/div><\/div><\/li><li class=\"element hebergement call-to-action call-to-action--style-2   nmero-de-habitaciones-3 nmero-de-personas-6 rea-34 de-42\"><div class=\"hebergement_link\" id=\"2710\"><div class=\"call-to-action_image\"><img decoding=\"async\" src=\"https:\/\/www.camping-pyrenees.com\/wp-content\/uploads\/2020\/11\/mobil-home-baretous.jpg\" data-src=\"https:\/\/www.camping-pyrenees.com\/wp-content\/uploads\/2020\/11\/mobil-home-baretous.jpg\" alt=\"mobil-home baretous\" class=\"\" \/><\/div><div class=\"call-to-action_contenu\"><div class=\"call-to-action_titre\">Casa movil Family<\/div><\/div><div class=\"hebergement-attributs\"><span class=\"attribut nmero-de-habitaciones\">3 <\/span><span class=\"attribut nmero-de-personas\">6 <\/span><span class=\"attribut rea\">34m\u00b2<\/span><span class=\"attribut de\">De<br\/> 42\u20ac\/noche<\/span><\/div><\/div><\/li><\/div><div class=\"row scroll-x-mobile\"><li class=\"element hebergement call-to-action call-to-action--style-2   nmero-de-habitaciones-3 nmero-de-personas-6 rea-38 de-48 animaux-interdits-span-classhide1span\"><div class=\"hebergement_link\" id=\"3647\"><div class=\"call-to-action_image\"><img decoding=\"async\" src=\"https:\/\/www.camping-pyrenees.com\/wp-content\/uploads\/2021\/10\/location-mh-family-confort.jpg\" data-src=\"https:\/\/www.camping-pyrenees.com\/wp-content\/uploads\/2021\/10\/location-mh-family-confort.jpg\" alt=\"location mh family confort\" class=\"\" \/><\/div><div class=\"call-to-action_contenu\"><div class=\"call-to-action_titre\">Casa movil Family Confort<\/div><\/div><div class=\"hebergement-attributs\"><span class=\"attribut nmero-de-habitaciones\">3 <\/span><span class=\"attribut nmero-de-personas\">6 <\/span><span class=\"attribut rea\">38m\u00b2<\/span><span class=\"attribut de\">De<br\/> 48\u20ac\/noche<\/span><span class=\"attribut animaux-interdits\"><span class=\"hide\">1<\/span> <\/span><\/div><\/div><\/li><\/ul><\/div><\/section>\n\n<section id=\"section-groupe9\"\" class=\"section bg-color3 p-t-0 p-b-0\" \/><div class=\"container full\"><div class=\"colonnes-wrap valign-middle \"><div class=\"element colonne p-x-10 p-y-4\"><h2 class=\"element section-title left\">Nuestros juegos de casa m\u00f3vil en los Pirineos<\/h2><div class=\"element bloc-text justify \">\n\t<p>Situado en el coraz\u00f3n de los Pirineos de Bearnais, en el encantador pueblo de Aramits, el camping Bar\u00e9tous Pyrenees ofrece una <strong>amplia gama de alojamientos<\/strong> en casas m\u00f3viles. Es el destino perfecto para unas buenas vacaciones en familia.<\/p>\n<p>Enclavado en un magn\u00edfico parque plantado de grandes robles y bordeado de setos de laurel, disfrutar\u00e1 del ambiente natural y relajante de los Pirineos, entre B\u00e9arn y el Pa\u00eds Vasco, en los Pirineos Atl\u00e1nticos.<\/p>\n<p>Todas nuestras casas m\u00f3viles Confort est\u00e1n <strong>bien decoradas<\/strong> y le permitir\u00e1n disfrutar de sus vacaciones con total tranquilidad, al tiempo que se beneficia de los servicios que ofrece el camping cercano. En todas las temporadas, le ofrecemos la mejor relaci\u00f3n calidad-precio<strong> desde 34\u20ac por noche<\/strong>. Seguro que encontrar\u00e1 la autocaravana que se adapte a su presupuesto y al precio adecuado.<\/p>\n<p>Ideal para unas vacaciones en familia o con amigos, nuestro camping le ofrece una estancia revitalizante y relajante en plena naturaleza. En los alrededores de su alquiler, podr\u00e1 disfrutar de maravillosos paisajes y paseos. Pero tambi\u00e9n, sitios tur\u00edsticos excepcionales entre los m\u00e1s bellos de los Pirineos.<\/p>\n<\/div><\/div><div class=\"element colonne mozaique-img p-0\"><div class=\"element images\"><div class=\"image\"><img decoding=\"async\" src=\"https:\/\/www.camping-pyrenees.com\/wp-content\/uploads\/2021\/04\/MH41.3-100x56.jpg\" data-src=\"https:\/\/www.camping-pyrenees.com\/wp-content\/uploads\/2021\/04\/MH41.3-scaled.jpg\" alt=\"terasse exterieur mobil home\" class=\"images_image\" \/><\/div><div class=\"image\"><img decoding=\"async\" src=\"https:\/\/www.camping-pyrenees.com\/wp-content\/uploads\/2020\/11\/cuisine-equipee-mobil-home-3-92x100.jpg\" data-src=\"https:\/\/www.camping-pyrenees.com\/wp-content\/uploads\/2020\/11\/cuisine-equipee-mobil-home-3.jpg\" alt=\"cuisine equipee mobil home\" class=\"images_image\" \/><\/div><\/div><div class=\"element images\"><div class=\"image\"><img decoding=\"async\" src=\"https:\/\/www.camping-pyrenees.com\/wp-content\/uploads\/2020\/11\/salon-bleu-mobil-home-3-92x100.jpg\" data-src=\"https:\/\/www.camping-pyrenees.com\/wp-content\/uploads\/2020\/11\/salon-bleu-mobil-home-3.jpg\" alt=\"salon bleu mobil home\" class=\"images_image\" \/><\/div><div class=\"image\"><img decoding=\"async\" src=\"https:\/\/www.camping-pyrenees.com\/wp-content\/uploads\/2020\/11\/repas-terrasse-mobil-home-3-92x100.jpg\" data-src=\"https:\/\/www.camping-pyrenees.com\/wp-content\/uploads\/2020\/11\/repas-terrasse-mobil-home-3.jpg\" alt=\"repas terrasse mobil home\" class=\"images_image\" \/><\/div><\/div><\/div><\/div><\/div><\/section>\n\n<section id=\"section-groupe19\"\" class=\"section bg-white p-t-0 p-b-0\" \/><div class=\"container full\"><div class=\"colonnes-wrap valign-middle \"><div class=\"element colonne mozaique-img p-0\"><div class=\"element images\"><div class=\"image\"><img decoding=\"async\" src=\"https:\/\/www.camping-pyrenees.com\/wp-content\/uploads\/2021\/10\/louer-mobil-home-aramits-95x100.jpg\" data-src=\"https:\/\/www.camping-pyrenees.com\/wp-content\/uploads\/2021\/10\/louer-mobil-home-aramits.jpg\" alt=\"chambre mobil home\" class=\"images_image\" \/><\/div><div class=\"image\"><img decoding=\"async\" src=\"https:\/\/www.camping-pyrenees.com\/wp-content\/uploads\/2021\/10\/louer-herbegement-pyrenees-95x100.jpg\" data-src=\"https:\/\/www.camping-pyrenees.com\/wp-content\/uploads\/2021\/10\/louer-herbegement-pyrenees.jpg\" alt=\"salon mobil home\" class=\"images_image\" \/><\/div><\/div><div class=\"element images\"><div class=\"image\"><img decoding=\"async\" src=\"https:\/\/www.camping-pyrenees.com\/wp-content\/uploads\/2021\/10\/sejour-mobil-home-pyrenees-95x100.jpg\" data-src=\"https:\/\/www.camping-pyrenees.com\/wp-content\/uploads\/2021\/10\/sejour-mobil-home-pyrenees.jpg\" alt=\"salle de bain mobil home\" class=\"images_image\" \/><\/div><div class=\"image\"><img decoding=\"async\" src=\"https:\/\/www.camping-pyrenees.com\/wp-content\/uploads\/2021\/10\/chambre-mobil-home-1-95x100.jpg\" data-src=\"https:\/\/www.camping-pyrenees.com\/wp-content\/uploads\/2021\/10\/chambre-mobil-home-1.jpg\" alt=\"cuisine mobil home\" class=\"images_image\" \/><\/div><\/div><\/div><div class=\"element colonne p-x-10 p-y-4\"><h2 class=\"element section-title left\">Casa M\u00f3vil Classic 2 dormitorios 4 personas<\/h2><div class=\"element bloc-text justify \">\n\t<p><strong class=\"bold color2\">Dise\u00f1o<\/strong><\/p>\n<ul>\n<li>Superficie de 28m\u00b2.<\/li>\n<li>Dormitorio principal: 1 cama de 140\u00d7190 cm, posibilidad de colocar una cama de beb\u00e9 en esta habitaci\u00f3n.<\/li>\n<li>Dormitorio de los ni\u00f1os : 2 camas de 80&#215;190 cm.<\/li>\n<li>Sala de estar: zona de cocina, zona de comedor con banco.<\/li>\n<li>Instalaciones sanitarias: cuarto de ducha con lavabo\/ducha y WC separado.<\/li>\n<\/ul>\n<p><strong class=\"bold color2\">Equipo<\/strong><\/p>\n<ul>\n<li>Cocina, nevera, placa de gas, microondas, cafetera el\u00e9ctrica, calefacci\u00f3n el\u00e9ctrica, 1 mesa, 2 sillas + banco.<\/li>\n<li>En el exterior, seg\u00fan el modelo, <strong>una gran terraza de madera de 15m\u00b2<\/strong>, semicubierta de 6m\u00d72,50m, un verdadero espacio de vida adicional.<\/li>\n<li>Parcela para 1 solo veh\u00edculo.<\/li>\n<\/ul>\n<p><strong class=\"bold color2\">Las ventajas del camping<\/strong><\/p>\n<ul>\n<li>Ideas +++ de higiene : Todas las camas est\u00e1n equipadas con s\u00e1banas interiores desechables y fundas de almohada desechables que se cambian con cada inquilino.<\/li>\n<li>Ideas +++ de confort : Las s\u00e1banas no est\u00e1n incluidas, pero pueden ser proporcionadas en la reserva a la llegada de la estancia. (Tarifas: 6\u20ac para las camas peque\u00f1as \/ 7\u20ac para las camas grandes). No se proporcionan fundas de almohada.<\/li>\n<li>Ideas : El alquiler est\u00e1 equipado con un <strong>kit de bienvenida<\/strong> a su llegada <em>(1 c\u00e1psula de lavado, 1 c\u00e1psula de limpieza de suelos, 1 esponja, 1 rollo de papel higi\u00e9nico, 1 bolsa de basura, 1 filtro de caf\u00e9, 1 toallita, 1 caja de cerillas).<\/em><\/li>\n<\/ul>\n<\/div><\/div><\/div><\/div><\/section>\n\n<section id=\"section-groupe29\"\" class=\"section bg-color3 p-t-0 p-b-0\" \/><div class=\"container full\"><div class=\"colonnes-wrap valign-middle \"><div class=\"element colonne p-x-10 p-y-4\"><h2 class=\"element section-title left\">Casa M\u00f3vil Confort 2 dormitorios 4 personas (2021)<\/h2><div class=\"element bloc-text justify \">\n\t<p><strong class=\"bold color2\">Dise\u00f1o<\/strong><\/p>\n<ul>\n<li>Superficie de 29m\u00b2.<\/li>\n<li>Habitaci\u00f3n principal: 1 cama de 140\u00d7190 cm, posibilidad de colocar una cama de beb\u00e9 en esta habitaci\u00f3n.<\/li>\n<li>Habitaci\u00f3n infantil: 2 camas de 80\u00d7190 cm.<\/li>\n<li>Sala de estar: zona de cocina que da directamente a la terraza, zona de comedor independiente con banco.<\/li>\n<li>Instalaciones sanitarias: cuarto de ducha con lavabo\/ducha y WC separado.<\/li>\n<\/ul>\n<p><strong class=\"bold color2\">Equipo<\/strong><\/p>\n<ul>\n<li>Cocina, nevera con congelador, placa de gas, microondas, cafetera el\u00e9ctrica, calefacci\u00f3n el\u00e9ctrica, 1 mesa, 4 sillas y banco.<\/li>\n<li>En el exterior, <strong>una gran terraza de madera de 15m\u00b2<\/strong>, semicubierta de 6m\u00d72,50m, un verdadero espacio de vida adicional.<\/li>\n<li>Parcela para 1 solo veh\u00edculo.<\/li>\n<\/ul>\n<p><strong class=\"bold color2\">Las ventajas del camping<\/strong><\/p>\n<ul>\n<li>Ideas +++ de higiene : Todas las camas est\u00e1n equipadas con s\u00e1banas interiores desechables y fundas de almohada desechables que se cambian con cada inquilino.<\/li>\n<li>Ideas +++ de confort : Las s\u00e1banas no est\u00e1n incluidas, pero pueden ser proporcionadas en la reserva a la llegada de la estancia. (Tarifas: 6\u20ac para las camas peque\u00f1as \/ 7\u20ac para las camas grandes). No se proporcionan fundas de almohada.<\/li>\n<li>Ideas : El alquiler est\u00e1 equipado con un <strong>kit de bienvenida<\/strong> a su llegada <em>(1 c\u00e1psula de lavado, 1 c\u00e1psula de limpieza de suelos, 1 esponja, 1 rollo de papel higi\u00e9nico, 1 bolsa de basura, 1 filtro de caf\u00e9, 1 toallita, 1 caja de cerillas).<\/em><\/li>\n<\/ul>\n<\/div><\/div><div class=\"element colonne mozaique-img p-0\"><div class=\"element images\"><div class=\"image\"><img decoding=\"async\" src=\"https:\/\/www.camping-pyrenees.com\/wp-content\/uploads\/2021\/10\/mobil-home-terrasse-pyrenees-1-95x100.jpg\" data-src=\"https:\/\/www.camping-pyrenees.com\/wp-content\/uploads\/2021\/10\/mobil-home-terrasse-pyrenees-1.jpg\" alt=\"sejour mobil home\" class=\"images_image\" \/><\/div><div class=\"image\"><img decoding=\"async\" src=\"https:\/\/www.camping-pyrenees.com\/wp-content\/uploads\/2021\/10\/sejour-mobil-home-aramits-1-95x100.jpg\" data-src=\"https:\/\/www.camping-pyrenees.com\/wp-content\/uploads\/2021\/10\/sejour-mobil-home-aramits-1.jpg\" alt=\"terrasse mobil home\" class=\"images_image\" \/><\/div><\/div><div class=\"element images\"><div class=\"image\"><img decoding=\"async\" src=\"https:\/\/www.camping-pyrenees.com\/wp-content\/uploads\/2021\/10\/hebergement-salon-aramits-95x100.jpg\" data-src=\"https:\/\/www.camping-pyrenees.com\/wp-content\/uploads\/2021\/10\/hebergement-salon-aramits.jpg\" alt=\"parents chambre mobil home\" class=\"images_image\" \/><\/div><div class=\"image\"><img decoding=\"async\" src=\"https:\/\/www.camping-pyrenees.com\/wp-content\/uploads\/2021\/10\/chambre-mobil-home-95x100.jpg\" data-src=\"https:\/\/www.camping-pyrenees.com\/wp-content\/uploads\/2021\/10\/chambre-mobil-home.jpg\" alt=\"chambre lits mobilhome\" class=\"images_image\" \/><\/div><\/div><\/div><\/div><\/div><\/section>\n\n<section id=\"section-groupe38\"\" class=\"section bg-white p-t-0 p-b-0\" \/><div class=\"container full\"><div class=\"colonnes-wrap valign-middle \"><div class=\"element colonne mozaique-img p-0\"><div class=\"element images\"><div class=\"image\"><img decoding=\"async\" src=\"https:\/\/www.camping-pyrenees.com\/wp-content\/uploads\/2021\/10\/mobil-home-plan-95x100.jpg\" data-src=\"https:\/\/www.camping-pyrenees.com\/wp-content\/uploads\/2021\/10\/mobil-home-plan.jpg\" alt=\"terrasse parasol mobil home\" class=\"images_image\" \/><\/div><div class=\"image\"><img decoding=\"async\" src=\"https:\/\/www.camping-pyrenees.com\/wp-content\/uploads\/2021\/10\/cusine-mobil-home-1-95x100.jpg\" data-src=\"https:\/\/www.camping-pyrenees.com\/wp-content\/uploads\/2021\/10\/cusine-mobil-home-1.jpg\" alt=\"salon rose mobil home\" class=\"images_image\" \/><\/div><\/div><div class=\"element images\"><div class=\"image\"><img decoding=\"async\" src=\"https:\/\/www.camping-pyrenees.com\/wp-content\/uploads\/2021\/10\/mobil-home-cosy-1-95x100.jpg\" data-src=\"https:\/\/www.camping-pyrenees.com\/wp-content\/uploads\/2021\/10\/mobil-home-cosy-1.jpg\" alt=\"chambre parentale mobilhome\" class=\"images_image\" \/><\/div><div class=\"image\"><img decoding=\"async\" src=\"https:\/\/www.camping-pyrenees.com\/wp-content\/uploads\/2021\/10\/mobil-home-chambre-enfants-1-95x100.jpg\" data-src=\"https:\/\/www.camping-pyrenees.com\/wp-content\/uploads\/2021\/10\/mobil-home-chambre-enfants-1.jpg\" alt=\"chambre deux lits mobil home\" class=\"images_image\" \/><\/div><\/div><\/div><div class=\"element colonne p-x-10 p-y-4\"><h2 class=\"element section-title left\">Casa M\u00f3vil Cosy 2 dormitorios 4 personas (2022)<\/h2><div class=\"element bloc-text justify \">\n\t<p><strong class=\"bold color2\">Dise\u00f1o<\/strong><\/p>\n<ul>\n<li>Superficie de 23m\u00b2.<\/li>\n<li>Dormitorio principal: 1 cama de 140\u00d7190 cm.<\/li>\n<li>Habitaci\u00f3n infantil: 2 camas de 80\u00d7190 cm.<\/li>\n<li>Sala de estar: zona de cocina, zona de comedor con banco.<\/li>\n<li>Instalaciones sanitarias: cuarto de ducha con lavabo\/ducha y WC separado.<\/li>\n<\/ul>\n<p><strong class=\"bold color2\">Equipo<\/strong><\/p>\n<ul>\n<li>Cocina, nevera con congelador, placa de gas, microondas, cafetera el\u00e9ctrica, calefacci\u00f3n el\u00e9ctrica, 1 mesa, 2 sillas con asiento.<\/li>\n<li>En el exterior hay <strong>una terraza de 7m\u00b2<\/strong>.<\/li>\n<li>Parcela para 1 solo veh\u00edculo.<\/li>\n<\/ul>\n<p><strong class=\"bold color2\">Las ventajas del camping<\/strong><\/p>\n<ul>\n<li>Ideas +++ de higiene : Todas las camas est\u00e1n equipadas con s\u00e1banas interiores desechables y fundas de almohada desechables que se cambian con cada inquilino.<\/li>\n<li>Ideas +++ de confort : Las s\u00e1banas no est\u00e1n incluidas, pero pueden ser proporcionadas en la reserva a la llegada de la estancia. (Tarifas: 6\u20ac para las camas peque\u00f1as \/ 7\u20ac para las camas grandes). No se proporcionan fundas de almohada.<\/li>\n<li>Ideas : El alquiler est\u00e1 equipado con un <strong>kit de bienvenida<\/strong> a su llegada <em>(1 c\u00e1psula de lavado, 1 c\u00e1psula de limpieza de suelos, 1 esponja, 1 rollo de papel higi\u00e9nico, 1 bolsa de basura, 1 filtro de caf\u00e9, 1 toallita, 1 caja de cerillas)<\/em>.<\/li>\n<\/ul>\n<\/div><\/div><\/div><\/div><\/section>\n\n<section id=\"section-groupe378\"\" class=\"section bg-white p-t-0 p-b-0\" \/><div class=\"container full\"><div class=\"colonnes-wrap valign-middle \"><div class=\"element colonne p-x-10 p-y-4\"><h1 class=\"element section-title left\">Casa M\u00f3vil Prestige 2 dormitorios 4 personas (2022)<\/h1><div class=\"element bloc-text justify \">\n\t<p><strong class=\"bold color2\">Dise\u00f1o<\/strong><\/p>\n<ul>\n<li>Superficie de 32m\u00b2.<\/li>\n<li>Dormitorio principal: 1 cama de 140\u00d7190 cm. Gran armario, posibilidad de colocar una cama de beb\u00e9 en esta habitaci\u00f3n.<\/li>\n<li>Habitaci\u00f3n infantil: 2 camas de 80\u00d7190 cm.<\/li>\n<li>Sala de estar: zona de cocina que da directamente a la terraza, gran zona de comedor independiente con asiento.<\/li>\n<li>Instalaciones sanitarias: cuarto de ducha con lavabo\/ducha y WC separado.<\/li>\n<\/ul>\n<p><strong class=\"bold color2\">Equipo<\/strong><\/p>\n<ul>\n<li>Cocina, lavavajillas, frigor\u00edfico con congelador, placa de gas, microondas, cafetera el\u00e9ctrica, tostadora, hervidor de agua, calefactor el\u00e9ctrico, 1 mesa, 4 sillas y banco.<\/li>\n<li>En el exterior, <strong>una gran terraza de madera de 18m\u00b2<\/strong>, semicubierta (6m\u00d73m), un verdadero espacio de vida adicional.<\/li>\n<li>Barbacoa incluida en el precio del alquiler<\/li>\n<li>Parcela para 1 solo veh\u00edculo.<\/li>\n<\/ul>\n<p><strong class=\"bold color2\">Las ventajas del camping<\/strong><\/p>\n<ul>\n<li>Ideas +++ de higiene : Todas las camas est\u00e1n equipadas con s\u00e1banas interiores desechables y fundas de almohada desechables que se cambian con cada inquilino.<\/li>\n<li>Ideas +++ de confort : Las s\u00e1banas est\u00e1n incluidas a la llegada de la estancia.<\/li>\n<li>Ideas &#8212; de preocupaciones : El alquiler est\u00e1 equipado con un<strong> kit de bienvenida<\/strong> a su llegada <em>(1 vaina de lavado, 1 vaina de limpieza del suelo, 1 esponja, 1 rollo de papel higi\u00e9nico, 1 bolsa de basura, 1 filtro de caf\u00e9, 1 toallita, 1 caja de cerillas)<\/em>.<\/li>\n<\/ul>\n<\/div><\/div><div class=\"element colonne mozaique-img p-0\"><div class=\"element images\"><div class=\"image\"><img decoding=\"async\" src=\"https:\/\/www.camping-pyrenees.com\/wp-content\/uploads\/2021\/10\/mobil-home-prestige-aramits-95x100.jpg\" data-src=\"https:\/\/www.camping-pyrenees.com\/wp-content\/uploads\/2021\/10\/mobil-home-prestige-aramits.jpg\" alt=\"mobil home prestige aramits\" class=\"images_image\" \/><\/div><div class=\"image\"><img decoding=\"async\" src=\"https:\/\/www.camping-pyrenees.com\/wp-content\/uploads\/2021\/10\/hebergement-prestige-pyrenees-95x100.jpg\" data-src=\"https:\/\/www.camping-pyrenees.com\/wp-content\/uploads\/2021\/10\/hebergement-prestige-pyrenees.jpg\" alt=\"hebergement prestige pyrenees\" class=\"images_image\" \/><\/div><\/div><div class=\"element images\"><div class=\"image\"><img decoding=\"async\" src=\"https:\/\/www.camping-pyrenees.com\/wp-content\/uploads\/2021\/10\/mobil-home-salle-de-bain-95x100.jpg\" data-src=\"https:\/\/www.camping-pyrenees.com\/wp-content\/uploads\/2021\/10\/mobil-home-salle-de-bain.jpg\" alt=\"mobil home salle de bain\" class=\"images_image\" \/><\/div><div class=\"image\"><img decoding=\"async\" src=\"https:\/\/www.camping-pyrenees.com\/wp-content\/uploads\/2021\/10\/chambre-mh-prestige-100x54.jpg\" data-src=\"https:\/\/www.camping-pyrenees.com\/wp-content\/uploads\/2021\/10\/chambre-mh-prestige.jpg\" alt=\"\" class=\"images_image\" \/><\/div><\/div><\/div><\/div><\/div><\/section>\n\n<section id=\"section-groupe17\"\" class=\"section bg-white p-t-0 p-b-0\" \/><div class=\"container full\"><div class=\"colonnes-wrap valign-middle \"><div class=\"element colonne mozaique-img p-0\"><div class=\"element images\"><div class=\"image\"><img decoding=\"async\" src=\"https:\/\/www.camping-pyrenees.com\/wp-content\/uploads\/2021\/10\/mobil-home-aramits-95x100.jpg\" data-src=\"https:\/\/www.camping-pyrenees.com\/wp-content\/uploads\/2021\/10\/mobil-home-aramits.jpg\" alt=\"mobil home aramits\" class=\"images_image\" \/><\/div><div class=\"image\"><img decoding=\"async\" src=\"https:\/\/www.camping-pyrenees.com\/wp-content\/uploads\/2021\/10\/sejour-mobil-home-pyrenees-95x100.jpg\" data-src=\"https:\/\/www.camping-pyrenees.com\/wp-content\/uploads\/2021\/10\/sejour-mobil-home-pyrenees.jpg\" alt=\"sejour mobil home pyrenees\" class=\"images_image\" \/><\/div><\/div><div class=\"element images\"><div class=\"image\"><img decoding=\"async\" src=\"https:\/\/www.camping-pyrenees.com\/wp-content\/uploads\/2021\/10\/louer-hebergement-pyrenees-atlantiques-95x100.jpg\" data-src=\"https:\/\/www.camping-pyrenees.com\/wp-content\/uploads\/2021\/10\/louer-hebergement-pyrenees-atlantiques.jpg\" alt=\"louer hebergement pyrenees atlantiques\" class=\"images_image\" \/><\/div><div class=\"image\"><img decoding=\"async\" src=\"https:\/\/www.camping-pyrenees.com\/wp-content\/uploads\/2021\/10\/terrasse-hebergement-aramits-95x100.jpg\" data-src=\"https:\/\/www.camping-pyrenees.com\/wp-content\/uploads\/2021\/10\/terrasse-hebergement-aramits.jpg\" alt=\"terrasse hebergement aramits\" class=\"images_image\" \/><\/div><\/div><\/div><div class=\"element colonne p-x-10 p-y-4\"><h2 class=\"element section-title left\">Casa M\u00f3vil Tribu 2 dormitorios 5 personas<\/h2><div class=\"element bloc-text justify \">\n\t<p><strong class=\"bold color2\">Dise\u00f1o<\/strong><\/p>\n<ul>\n<li>Superficie de 30m\u00b2.<\/li>\n<li>Habitaci\u00f3n principal: 1 cama de 140\u00d7190 cm, posibilidad de colocar una cama de beb\u00e9 en esta habitaci\u00f3n.<\/li>\n<li>Dormitorio de los ni\u00f1os: 3 camas de 80\u00d7190 cm incluyendo 1 litera.<\/li>\n<li>Sala de estar: cocina americana, zona de comedor con banco.<\/li>\n<li>Instalaciones sanitarias: cuarto de ducha con lavabo\/ducha y WC separado.<\/li>\n<\/ul>\n<p><strong class=\"bold color2\">Equipo<\/strong><\/p>\n<ul>\n<li>Cocina, nevera superior, placa de gas, microondas + campana, cafetera el\u00e9ctrica, calefacci\u00f3n el\u00e9ctrica, 1 mesa, 2 sillas + asiento de banco.<\/li>\n<li>En el exterior, <strong>una amplia terraza de madera de 15m\u00b2<\/strong>, semicubierta de 6m\u00d72,50m, un verdadero espacio de vida adicional.<\/li>\n<li>Parcela para 1 solo veh\u00edculo.<\/li>\n<\/ul>\n<p><strong class=\"bold color2\">Las ventajas del camping<\/strong><\/p>\n<ul>\n<li>Ideas +++ de higiene : Todas las camas est\u00e1n equipadas con s\u00e1banas interiores desechables y fundas de almohada desechables que se cambian con cada inquilino.<\/li>\n<li>Ideas +++ de confort : Las s\u00e1banas no est\u00e1n incluidas, pero pueden ser proporcionadas en la reserva a la llegada de la estancia. (Tarifas: 6\u20ac para las camas peque\u00f1as \/ 7\u20ac para las camas grandes). No se proporcionan fundas de almohada.<\/li>\n<li>Ideas : El alquiler est\u00e1 equipado con un<strong> kit de bienvenida<\/strong> a su llegada<em> (1 c\u00e1psula de lavado, 1 c\u00e1psula de limpieza de suelos, 1 esponja, 1 rollo de papel higi\u00e9nico, 1 bolsa de basura, 1 filtro de caf\u00e9, 1 toallita, 1 caja de cerillas).<\/em><\/li>\n<\/ul>\n<\/div><\/div><\/div><\/div><\/section>\n\n<section id=\"section-groupe34\"\" class=\"section bg-white p-t-0 p-b-0\" \/><div class=\"container full\"><div class=\"colonnes-wrap valign-middle \"><div class=\"element colonne p-x-10 p-y-4\"><h2 class=\"element section-title left\">Casa M\u00f3vil Familia 3 dormitorios 6 personas<\/h2><div class=\"element bloc-text justify \">\n\t<p><strong class=\"bold color2\">Dise\u00f1o<\/strong><\/p>\n<ul>\n<li>Superficie de 34m\u00b2.<\/li>\n<li>Habitaci\u00f3n principal: 1 cama de 140\u00d7190 cm, posibilidad de colocar una cama de beb\u00e9 en esta habitaci\u00f3n.<\/li>\n<li>Habitaci\u00f3n infantil 1: 2 camas de 80\u00d7190 cm.<\/li>\n<li>Habitaci\u00f3n infantil 2: 2 camas de 80\u00d7190 cm.<\/li>\n<li>Sala de estar: cocina americana, zona de comedor con banco.<\/li>\n<li>Instalaciones sanitarias: cuarto de ducha con lavabo\/ducha y WC separado.<\/li>\n<\/ul>\n<p><strong class=\"bold color2\">Equipo<\/strong><\/p>\n<ul>\n<li>Cocina, nevera superior, placa de gas, microondas + campana, cafetera el\u00e9ctrica, calefactor el\u00e9ctrico, 1 mesa, 2 sillas + asiento de banco.<\/li>\n<li>En el exterior, seg\u00fan el modelo, <strong>una gran terraza de madera de 13 a 15m\u00b2<\/strong>, semicubierta de madera, un verdadero espacio de vida adicional.<\/li>\n<li>Parcela para 1 solo veh\u00edculo.<\/li>\n<\/ul>\n<p><strong class=\"bold color2\">Las ventajas del camping<\/strong><\/p>\n<ul>\n<li>Ideas +++ de higiene : Todas las camas est\u00e1n equipadas con s\u00e1banas interiores desechables y fundas de almohada desechables que se cambian con cada inquilino.<\/li>\n<li>Ideas +++ de confort : Las s\u00e1banas no est\u00e1n incluidas, pero pueden ser proporcionadas en la reserva a la llegada de la estancia. (Tarifas: 6\u20ac para las camas peque\u00f1as \/ 7\u20ac para las camas grandes). No se proporcionan fundas de almohada.<\/li>\n<li>Ideas : El alquiler est\u00e1 equipado con un <strong>kit de bienvenida<\/strong> a su llegada <em>(1 c\u00e1psula de lavado, 1 c\u00e1psula de limpieza de suelos, 1 esponja, 1 rollo de papel higi\u00e9nico, 1 bolsa de basura, 1 filtro de caf\u00e9, 1 toallita, 1 caja de cerillas).<\/em><\/li>\n<\/ul>\n<\/div><\/div><div class=\"element colonne mozaique-img p-0\"><div class=\"element images\"><div class=\"image\"><img decoding=\"async\" src=\"https:\/\/www.camping-pyrenees.com\/wp-content\/uploads\/2020\/11\/repas-terrasse-mobil-home-3-92x100.jpg\" data-src=\"https:\/\/www.camping-pyrenees.com\/wp-content\/uploads\/2020\/11\/repas-terrasse-mobil-home-3.jpg\" alt=\"repas terrasse mobil home\" class=\"images_image\" \/><\/div><div class=\"image\"><img decoding=\"async\" src=\"https:\/\/www.camping-pyrenees.com\/wp-content\/uploads\/2021\/10\/cuisine-mobil-home-95x100.jpg\" data-src=\"https:\/\/www.camping-pyrenees.com\/wp-content\/uploads\/2021\/10\/cuisine-mobil-home.jpg\" alt=\"cuisine mobil home\" class=\"images_image\" \/><\/div><\/div><div class=\"element images\"><div class=\"image\"><img decoding=\"async\" src=\"https:\/\/www.camping-pyrenees.com\/wp-content\/uploads\/2021\/10\/salle-bain-hebergement-95x100.jpg\" data-src=\"https:\/\/www.camping-pyrenees.com\/wp-content\/uploads\/2021\/10\/salle-bain-hebergement.jpg\" alt=\"salle bain hebergement\" class=\"images_image\" \/><\/div><div class=\"image\"><img decoding=\"async\" src=\"https:\/\/www.camping-pyrenees.com\/wp-content\/uploads\/2021\/10\/terrasse-location-hebergement-95x100.jpg\" data-src=\"https:\/\/www.camping-pyrenees.com\/wp-content\/uploads\/2021\/10\/terrasse-location-hebergement.jpg\" alt=\"terrasse location hebergement\" class=\"images_image\" \/><\/div><\/div><\/div><\/div><\/div><\/section>\n\n<section id=\"section-groupe12\"\" class=\"section bg-white p-t-0 p-b-0\" \/><div class=\"container full\"><div class=\"colonnes-wrap valign-middle \"><div class=\"element colonne mozaique-img p-0\"><div class=\"element images\"><div class=\"image\"><img decoding=\"async\" src=\"https:\/\/www.camping-pyrenees.com\/wp-content\/uploads\/2021\/10\/sejour-hebergement-aramits-95x100.jpg\" data-src=\"https:\/\/www.camping-pyrenees.com\/wp-content\/uploads\/2021\/10\/sejour-hebergement-aramits.jpg\" alt=\"sejour hebergement aramits\" class=\"images_image\" \/><\/div><div class=\"image\"><img decoding=\"async\" src=\"https:\/\/www.camping-pyrenees.com\/wp-content\/uploads\/2021\/10\/louer-mobil-home-terrasse-pyrenees-95x100.jpg\" data-src=\"https:\/\/www.camping-pyrenees.com\/wp-content\/uploads\/2021\/10\/louer-mobil-home-terrasse-pyrenees.jpg\" alt=\"louer-mobil home terrasse pyrenees\" class=\"images_image\" \/><\/div><\/div><div class=\"element images\"><div class=\"image\"><img decoding=\"async\" src=\"https:\/\/www.camping-pyrenees.com\/wp-content\/uploads\/2021\/10\/mobil-home-chambre-enfants-95x100.jpg\" data-src=\"https:\/\/www.camping-pyrenees.com\/wp-content\/uploads\/2021\/10\/mobil-home-chambre-enfants.jpg\" alt=\"mobil home chambre enfants\" class=\"images_image\" \/><\/div><div class=\"image\"><img decoding=\"async\" src=\"https:\/\/www.camping-pyrenees.com\/wp-content\/uploads\/2021\/10\/terrasse-location-95x100.jpg\" data-src=\"https:\/\/www.camping-pyrenees.com\/wp-content\/uploads\/2021\/10\/terrasse-location.jpg\" alt=\"terrasse location\" class=\"images_image\" \/><\/div><\/div><\/div><div class=\"element colonne p-x-10 p-y-4\"><h2 class=\"element section-title left\">Casa M\u00f3vil Familia Confort 3 dormitorios 2 ba\u00f1os 6 personas<\/h2><div class=\"element bloc-text justify \">\n\t<p><strong class=\"bold color2\">Dise\u00f1o<\/strong><\/p>\n<ul>\n<li>Superficie de 40m\u00b2.<\/li>\n<li>Habitaci\u00f3n principal: 1 cama de 140\u00d7190 cm, posibilidad de colocar una cama de beb\u00e9 en esta habitaci\u00f3n.<\/li>\n<li>Habitaci\u00f3n infantil 1: 2 camas de 80\u00d7190 cm.<\/li>\n<li>Habitaci\u00f3n infantil 2: 2 camas de 80\u00d7190 cm.<\/li>\n<li>Sala de estar: cocina americana, zona de comedor con banco.<\/li>\n<li>2 ba\u00f1os: 1 cuarto de ducha con lavabo\/ducha y WC integrado y 1 cuarto de ducha con lavabo\/ducha + 1 WC separado.<\/li>\n<\/ul>\n<p><strong class=\"bold color2\">Equipo<\/strong><\/p>\n<ul>\n<li>Cocina, nevera superior, placa de gas, microondas + campana, cafetera el\u00e9ctrica, calefactor el\u00e9ctrico, 1 mesa, 2 sillas + asiento de banco.<\/li>\n<li>En el exterior, seg\u00fan el modelo, hay <strong>una gran terraza de madera semicubierta de 18 m\u00b2<\/strong>, un verdadero espacio vital adicional.<\/li>\n<li>Parcela para 1 solo veh\u00edculo.<\/li>\n<\/ul>\n<p><strong class=\"bold color2\">Las ventajas del camping<\/strong><\/p>\n<ul>\n<li>Ideas +++ de higiene : Todas las camas est\u00e1n equipadas con s\u00e1banas interiores desechables y fundas de almohada desechables que se cambian con cada inquilino.<\/li>\n<li>Ideas +++ de confort : Las s\u00e1banas no est\u00e1n incluidas, pero pueden ser proporcionadas en la reserva a la llegada de la estancia. (Tarifas: 6\u20ac para las camas peque\u00f1as \/ 7\u20ac para las camas grandes). No se proporcionan fundas de almohada.<\/li>\n<li>Ideas : El alquiler est\u00e1 equipado con un <strong>kit de bienvenida<\/strong> a su llegada<em> (1 c\u00e1psula de lavado, 1 c\u00e1psula de limpieza de suelos, 1 esponja, 1 rollo de papel higi\u00e9nico, 1 bolsa de basura, 1 filtro de caf\u00e9, 1 toallita, 1 caja de cerillas).<\/em><\/li>\n<\/ul>\n<\/div><\/div><\/div><\/div><\/section>\n\n<section id=\"section-cta-bottom\"\" class=\"section bg-color3\" \/><div class=\"container extralarge\"><div class=\"element section-title center title-cta\">Encuentra nuestros alojamientos de alquiler<\/div><ul class=\"liste-de-page\"><li class=\"element call-to-action carre call-to-action--style-1 call-to-action--normal\"><a href=\"https:\/\/www.camping-pyrenees.com\/es\/pirineos-acampada-baratos\/\"  class=\"call-to-action_link\" title=\"Aprende m\u00e1s sobre nuestras tarifas\"><div class=\"call-to-action_image\"><img decoding=\"async\" src=\"https:\/\/www.camping-pyrenees.com\/wp-content\/uploads\/2020\/11\/village-chalet-camping-100x56.jpg\" data-src=\"https:\/\/www.camping-pyrenees.com\/wp-content\/uploads\/2020\/11\/village-chalet-camping.jpg\" alt=\"village chalet camping\" class=\"normal\" \/><\/div><div class=\"call-to-action_contenu\"><div class=\"call-to-action_titre\">Nuestras tarifas<\/div><\/div><\/a><\/li><li class=\"element call-to-action carre call-to-action--style-1 call-to-action--normal call-to-action--style-1 call-to-action--normal\"><a href=\"https:\/\/www.camping-pyrenees.com\/es\/alquiler-parcelas-pirineos\/\"  class=\"call-to-action_link\" title=\"Aprende m\u00e1s sobre nuestras parcelas\"><div class=\"call-to-action_image\"><img decoding=\"async\" src=\"https:\/\/www.camping-pyrenees.com\/wp-content\/uploads\/2020\/11\/emplacement-tentes-100x84.jpg\" data-src=\"https:\/\/www.camping-pyrenees.com\/wp-content\/uploads\/2020\/11\/emplacement-tentes.jpg\" alt=\"emplacement tentes\" class=\"normal\" \/><\/div><div class=\"call-to-action_contenu\"><div class=\"call-to-action_titre\">Nuestras parcelas<\/div><\/div><\/a><\/li><li class=\"element call-to-action carre call-to-action--style-1 call-to-action--normal call-to-action--style-1 call-to-action--normal call-to-action--style-1 call-to-action--normal\"><a href=\"https:\/\/www.camping-pyrenees.com\/es\/alquiler-chalet-pirineos\/\"  class=\"call-to-action_link\" title=\"Aprende m\u00e1s sobre nuestras casas de campo\"><div class=\"call-to-action_image\"><img decoding=\"async\" src=\"https:\/\/www.camping-pyrenees.com\/wp-content\/uploads\/2020\/11\/chalet-exterieur-100x56.jpg\" data-src=\"https:\/\/www.camping-pyrenees.com\/wp-content\/uploads\/2020\/11\/chalet-exterieur.jpg\" alt=\"chalet exterieur\" class=\"normal\" \/><\/div><div class=\"call-to-action_contenu\"><div class=\"call-to-action_titre\">Nuestras casas de campo<\/div><\/div><\/a><\/li><\/ul><\/div><\/section>","protected":false},"excerpt":{"rendered":"","protected":false},"author":1,"featured_media":3376,"parent":0,"menu_order":0,"comment_status":"closed","ping_status":"closed","template":"","meta":{"_acf_changed":false,"footnotes":""},"class_list":["post-2781","page","type-page","status-publish","has-post-thumbnail","hentry"],"acf":[],"yoast_head":"<!-- This site is optimized with the Yoast SEO plugin v25.3 - https:\/\/yoast.com\/wordpress\/plugins\/seo\/ -->\n<title>Alquiler de casas m\u00f3viles Pyr\u00e9n\u00e9es-Atlantiques | Alquiler de casas m\u00f3viles<\/title>\n<meta name=\"robots\" content=\"index, follow, max-snippet:-1, max-image-preview:large, max-video-preview:-1\" \/>\n<link rel=\"canonical\" href=\"https:\/\/www.camping-pyrenees.com\/es\/alquiler-casas-moviles-pirineos\/\" \/>\n<meta property=\"og:locale\" content=\"es_ES\" \/>\n<meta property=\"og:type\" content=\"article\" \/>\n<meta property=\"og:title\" content=\"Alquiler de casas m\u00f3viles Pyr\u00e9n\u00e9es-Atlantiques | Alquiler de casas m\u00f3viles\" \/>\n<meta property=\"og:url\" content=\"https:\/\/www.camping-pyrenees.com\/es\/alquiler-casas-moviles-pirineos\/\" \/>\n<meta property=\"og:site_name\" content=\"Camping Baretous PYRENEES\" \/>\n<meta property=\"article:modified_time\" content=\"2021-11-03T14:40:36+00:00\" \/>\n<meta property=\"og:image\" content=\"https:\/\/www.camping-pyrenees.com\/wp-content\/uploads\/2021\/04\/MH14.2-1.jpg\" \/>\n\t<meta property=\"og:image:width\" content=\"2500\" \/>\n\t<meta property=\"og:image:height\" content=\"1406\" \/>\n\t<meta property=\"og:image:type\" content=\"image\/jpeg\" \/>\n<meta name=\"twitter:card\" content=\"summary_large_image\" \/>\n<script type=\"application\/ld+json\" class=\"yoast-schema-graph\">{\"@context\":\"https:\/\/schema.org\",\"@graph\":[{\"@type\":\"WebPage\",\"@id\":\"https:\/\/www.camping-pyrenees.com\/es\/alquiler-casas-moviles-pirineos\/\",\"url\":\"https:\/\/www.camping-pyrenees.com\/es\/alquiler-casas-moviles-pirineos\/\",\"name\":\"Alquiler de casas m\u00f3viles Pyr\u00e9n\u00e9es-Atlantiques | Alquiler de casas m\u00f3viles\",\"isPartOf\":{\"@id\":\"https:\/\/www.camping-pyrenees.com\/es\/#website\"},\"primaryImageOfPage\":{\"@id\":\"https:\/\/www.camping-pyrenees.com\/es\/alquiler-casas-moviles-pirineos\/#primaryimage\"},\"image\":{\"@id\":\"https:\/\/www.camping-pyrenees.com\/es\/alquiler-casas-moviles-pirineos\/#primaryimage\"},\"thumbnailUrl\":\"https:\/\/www.camping-pyrenees.com\/wp-content\/uploads\/2021\/04\/MH14.2-1.jpg\",\"datePublished\":\"2020-10-29T04:27:20+00:00\",\"dateModified\":\"2021-11-03T14:40:36+00:00\",\"breadcrumb\":{\"@id\":\"https:\/\/www.camping-pyrenees.com\/es\/alquiler-casas-moviles-pirineos\/#breadcrumb\"},\"inLanguage\":\"es\",\"potentialAction\":[{\"@type\":\"ReadAction\",\"target\":[\"https:\/\/www.camping-pyrenees.com\/es\/alquiler-casas-moviles-pirineos\/\"]}]},{\"@type\":\"ImageObject\",\"inLanguage\":\"es\",\"@id\":\"https:\/\/www.camping-pyrenees.com\/es\/alquiler-casas-moviles-pirineos\/#primaryimage\",\"url\":\"https:\/\/www.camping-pyrenees.com\/wp-content\/uploads\/2021\/04\/MH14.2-1.jpg\",\"contentUrl\":\"https:\/\/www.camping-pyrenees.com\/wp-content\/uploads\/2021\/04\/MH14.2-1.jpg\",\"width\":2500,\"height\":1406,\"caption\":\"location mobile home camping baretous\"},{\"@type\":\"BreadcrumbList\",\"@id\":\"https:\/\/www.camping-pyrenees.com\/es\/alquiler-casas-moviles-pirineos\/#breadcrumb\",\"itemListElement\":[{\"@type\":\"ListItem\",\"position\":1,\"name\":\"Camping Pyr\u00e9n\u00e9es\",\"item\":\"https:\/\/www.camping-pyrenees.com\/es\/\"},{\"@type\":\"ListItem\",\"position\":2,\"name\":\"Alquilar una casa m\u00f3vil\"}]},{\"@type\":\"WebSite\",\"@id\":\"https:\/\/www.camping-pyrenees.com\/es\/#website\",\"url\":\"https:\/\/www.camping-pyrenees.com\/es\/\",\"name\":\"Camping Baretous PYRENEES\",\"description\":\"\",\"potentialAction\":[{\"@type\":\"SearchAction\",\"target\":{\"@type\":\"EntryPoint\",\"urlTemplate\":\"https:\/\/www.camping-pyrenees.com\/es\/?s={search_term_string}\"},\"query-input\":{\"@type\":\"PropertyValueSpecification\",\"valueRequired\":true,\"valueName\":\"search_term_string\"}}],\"inLanguage\":\"es\"}]}<\/script>\n<!-- \/ Yoast SEO plugin. -->","yoast_head_json":{"title":"Alquiler de casas m\u00f3viles Pyr\u00e9n\u00e9es-Atlantiques | Alquiler de casas m\u00f3viles","robots":{"index":"index","follow":"follow","max-snippet":"max-snippet:-1","max-image-preview":"max-image-preview:large","max-video-preview":"max-video-preview:-1"},"canonical":"https:\/\/www.camping-pyrenees.com\/es\/alquiler-casas-moviles-pirineos\/","og_locale":"es_ES","og_type":"article","og_title":"Alquiler de casas m\u00f3viles Pyr\u00e9n\u00e9es-Atlantiques | Alquiler de casas m\u00f3viles","og_url":"https:\/\/www.camping-pyrenees.com\/es\/alquiler-casas-moviles-pirineos\/","og_site_name":"Camping Baretous PYRENEES","article_modified_time":"2021-11-03T14:40:36+00:00","og_image":[{"width":2500,"height":1406,"url":"https:\/\/www.camping-pyrenees.com\/wp-content\/uploads\/2021\/04\/MH14.2-1.jpg","type":"image\/jpeg"}],"twitter_card":"summary_large_image","schema":{"@context":"https:\/\/schema.org","@graph":[{"@type":"WebPage","@id":"https:\/\/www.camping-pyrenees.com\/es\/alquiler-casas-moviles-pirineos\/","url":"https:\/\/www.camping-pyrenees.com\/es\/alquiler-casas-moviles-pirineos\/","name":"Alquiler de casas m\u00f3viles Pyr\u00e9n\u00e9es-Atlantiques | Alquiler de casas m\u00f3viles","isPartOf":{"@id":"https:\/\/www.camping-pyrenees.com\/es\/#website"},"primaryImageOfPage":{"@id":"https:\/\/www.camping-pyrenees.com\/es\/alquiler-casas-moviles-pirineos\/#primaryimage"},"image":{"@id":"https:\/\/www.camping-pyrenees.com\/es\/alquiler-casas-moviles-pirineos\/#primaryimage"},"thumbnailUrl":"https:\/\/www.camping-pyrenees.com\/wp-content\/uploads\/2021\/04\/MH14.2-1.jpg","datePublished":"2020-10-29T04:27:20+00:00","dateModified":"2021-11-03T14:40:36+00:00","breadcrumb":{"@id":"https:\/\/www.camping-pyrenees.com\/es\/alquiler-casas-moviles-pirineos\/#breadcrumb"},"inLanguage":"es","potentialAction":[{"@type":"ReadAction","target":["https:\/\/www.camping-pyrenees.com\/es\/alquiler-casas-moviles-pirineos\/"]}]},{"@type":"ImageObject","inLanguage":"es","@id":"https:\/\/www.camping-pyrenees.com\/es\/alquiler-casas-moviles-pirineos\/#primaryimage","url":"https:\/\/www.camping-pyrenees.com\/wp-content\/uploads\/2021\/04\/MH14.2-1.jpg","contentUrl":"https:\/\/www.camping-pyrenees.com\/wp-content\/uploads\/2021\/04\/MH14.2-1.jpg","width":2500,"height":1406,"caption":"location mobile home camping baretous"},{"@type":"BreadcrumbList","@id":"https:\/\/www.camping-pyrenees.com\/es\/alquiler-casas-moviles-pirineos\/#breadcrumb","itemListElement":[{"@type":"ListItem","position":1,"name":"Camping Pyr\u00e9n\u00e9es","item":"https:\/\/www.camping-pyrenees.com\/es\/"},{"@type":"ListItem","position":2,"name":"Alquilar una casa m\u00f3vil"}]},{"@type":"WebSite","@id":"https:\/\/www.camping-pyrenees.com\/es\/#website","url":"https:\/\/www.camping-pyrenees.com\/es\/","name":"Camping Baretous PYRENEES","description":"","potentialAction":[{"@type":"SearchAction","target":{"@type":"EntryPoint","urlTemplate":"https:\/\/www.camping-pyrenees.com\/es\/?s={search_term_string}"},"query-input":{"@type":"PropertyValueSpecification","valueRequired":true,"valueName":"search_term_string"}}],"inLanguage":"es"}]}},"_links":{"self":[{"href":"https:\/\/www.camping-pyrenees.com\/es\/wp-json\/wp\/v2\/pages\/2781"}],"collection":[{"href":"https:\/\/www.camping-pyrenees.com\/es\/wp-json\/wp\/v2\/pages"}],"about":[{"href":"https:\/\/www.camping-pyrenees.com\/es\/wp-json\/wp\/v2\/types\/page"}],"author":[{"embeddable":true,"href":"https:\/\/www.camping-pyrenees.com\/es\/wp-json\/wp\/v2\/users\/1"}],"replies":[{"embeddable":true,"href":"https:\/\/www.camping-pyrenees.com\/es\/wp-json\/wp\/v2\/comments?post=2781"}],"version-history":[{"count":14,"href":"https:\/\/www.camping-pyrenees.com\/es\/wp-json\/wp\/v2\/pages\/2781\/revisions"}],"predecessor-version":[{"id":4110,"href":"https:\/\/www.camping-pyrenees.com\/es\/wp-json\/wp\/v2\/pages\/2781\/revisions\/4110"}],"wp:featuredmedia":[{"embeddable":true,"href":"https:\/\/www.camping-pyrenees.com\/es\/wp-json\/wp\/v2\/media\/3376"}],"wp:attachment":[{"href":"https:\/\/www.camping-pyrenees.com\/es\/wp-json\/wp\/v2\/media?parent=2781"}],"curies":[{"name":"wp","href":"https:\/\/api.w.org\/{rel}","templated":true}]}}