{"id":2789,"date":"2020-10-29T05:27:26","date_gmt":"2020-10-29T04:27:26","guid":{"rendered":"https:\/\/www.camping-pyrenees.com\/location-emplacements-pyrennees\/"},"modified":"2021-10-25T10:15:56","modified_gmt":"2021-10-25T08:15:56","slug":"alquiler-parcelas-pirineos","status":"publish","type":"page","link":"https:\/\/www.camping-pyrenees.com\/es\/alquiler-parcelas-pirineos\/","title":{"rendered":"H\u00e9bergements : Emplacements"},"content":{"rendered":"<section id=\"section-5f85acbd70cfe\"\" class=\"section bg-white p-b-0\" \/><div class=\"container extralarge\"><h1 class=\"element section-title center\">Parcelas de alquiler en los Pirineos<\/h1><\/div><\/section>\n\n<section id=\"section-5fb3f60ddf2e2\"\" class=\"section bg-white p-t-0\" \/><div class=\"container extralarge\"><div class=\"element bloc-text justify \">\n\t<p><script>\n    window.ctoutvert = {\n        id: 2481,\n        lang: 'auto',\n        url: 'https:\/\/bookingpremium.secureholiday.net\/widgets\/', \n    };\n    (function (w, d, s, ctv, r, js, fjs) {\n        r=new XMLHttpRequest();r.open('GET',w[ctv].url+'js\/src.json');\n        r.responseType='json';r.json=true;r.send();\n        r.onload=function(){w[ctv].src=r.responseType=='json'?r.response:JSON.parse(r.response);\n        js.src=w[ctv].src[0];fjs.parentNode.insertBefore(js, fjs);}\n        js=d.createElement(s),fjs=d.getElementsByTagName(s)[0];\n        js.id='ctvwidget';js.async=1;\n    }(window, document, 'script', 'ctoutvert'));\n<\/script><br \/>\n<ctv-availability data-product-type='pitch' data-month-year='04@2021'><\/ctv-availability><\/p>\n<\/div><\/div><\/section>\n\n<section id=\"section-5f85acbd710f2\"\" class=\"section bg-color3 p-t-0 p-b-0\" \/><div class=\"container full\"><div class=\"colonnes-wrap valign-middle \"><div class=\"element colonne p-x-10 p-y-4\"><h2 class=\"element section-title left\">Nuestros espaciosos campos en Aramits<\/h2><div class=\"element bloc-text justify \">\n\t<p>\u00bfQuieres escapar en tus vacaciones? Descubrir nuevos paisajes y territorios?<\/p>\n<p>El Campamento de <a href=\"\/es\/\">Bar\u00e9tous Pyr\u00e9n\u00e9es<\/a> en B\u00e9arn, en la frontera con el Pa\u00eds Vasco, le permitir\u00e1 pasar una estancia agradable, tranquila y descansada en plena naturaleza. Su proximidad al Pa\u00eds Vasco le permitir\u00e1 descubrir sus casas t\u00edpicas, su cocina local y los numerosos tesoros culturales que alberga.<\/p>\n<p>Sea cual sea su equipo: tienda, caravana, autocaravana, encontrar\u00e1 su lugar en nuestras 32 vastas parcelas planas, con hierba y bien delimitadas, que van de 90 a 130 m\u00b2. <\/p>\n<\/div><\/div><div class=\"element colonne mozaique-img p-0\"><div class=\"element images\"><div class=\"image\"><img decoding=\"async\" src=\"https:\/\/www.camping-pyrenees.com\/wp-content\/uploads\/2020\/11\/emplacement-camping-car-terrain-100x84.jpg\" data-src=\"https:\/\/www.camping-pyrenees.com\/wp-content\/uploads\/2020\/11\/emplacement-camping-car-terrain.jpg\" alt=\"emplacement camping car terrain\" class=\"images_image\" \/><\/div><div class=\"image\"><img decoding=\"async\" src=\"https:\/\/www.camping-pyrenees.com\/wp-content\/uploads\/2020\/11\/emplacement-tente-100x84.jpg\" data-src=\"https:\/\/www.camping-pyrenees.com\/wp-content\/uploads\/2020\/11\/emplacement-tente.jpg\" alt=\"emplacement tente\" class=\"images_image\" \/><\/div><\/div><div class=\"element images\"><div class=\"image\"><img decoding=\"async\" src=\"https:\/\/www.camping-pyrenees.com\/wp-content\/uploads\/2020\/11\/famille-camping-1-100x84.jpg\" data-src=\"https:\/\/www.camping-pyrenees.com\/wp-content\/uploads\/2020\/11\/famille-camping-1.jpg\" alt=\"camping famille\" class=\"images_image\" \/><\/div><div class=\"image\"><img decoding=\"async\" src=\"https:\/\/www.camping-pyrenees.com\/wp-content\/uploads\/2020\/11\/emplacements-camping-car-100x56.jpg\" data-src=\"https:\/\/www.camping-pyrenees.com\/wp-content\/uploads\/2020\/11\/emplacements-camping-car.jpg\" alt=\"emplacements camping car\" class=\"images_image\" \/><\/div><\/div><\/div><\/div><\/div><\/section>\n\n<section id=\"section-5f85a720bbf4a\"\" class=\"section bg-white p-t-0 p-b-0\" \/><div class=\"container full\"><div class=\"colonnes-wrap valign-middle \"><div class=\"element colonne mozaique-img p-0\"><div class=\"element images\"><div class=\"image\"><img decoding=\"async\" src=\"https:\/\/www.camping-pyrenees.com\/wp-content\/uploads\/2020\/11\/emplacement-camping-car-100x84.jpg\" data-src=\"https:\/\/www.camping-pyrenees.com\/wp-content\/uploads\/2020\/11\/emplacement-camping-car.jpg\" alt=\"emplacement camping car\" class=\"images_image\" \/><\/div><div class=\"image\"><img decoding=\"async\" src=\"https:\/\/www.camping-pyrenees.com\/wp-content\/uploads\/2020\/11\/camping-car-enfant-100x84.jpg\" data-src=\"https:\/\/www.camping-pyrenees.com\/wp-content\/uploads\/2020\/11\/camping-car-enfant.jpg\" alt=\"camping famille enfant\" class=\"images_image\" \/><\/div><\/div><div class=\"element images\"><div class=\"image\"><img decoding=\"async\" src=\"https:\/\/www.camping-pyrenees.com\/wp-content\/uploads\/2020\/11\/tente-amis-100x84.jpg\" data-src=\"https:\/\/www.camping-pyrenees.com\/wp-content\/uploads\/2020\/11\/tente-amis.jpg\" alt=\"tente amis\" class=\"images_image\" \/><\/div><div class=\"image\"><img decoding=\"async\" src=\"https:\/\/www.camping-pyrenees.com\/wp-content\/uploads\/2020\/11\/camping-car-emplacement-100x84.jpg\" data-src=\"https:\/\/www.camping-pyrenees.com\/wp-content\/uploads\/2020\/11\/camping-car-emplacement.jpg\" alt=\"camping car emplacement\" class=\"images_image\" \/><\/div><\/div><\/div><div class=\"element colonne p-x-10 p-y-4\"><h2 class=\"element section-title left\">Alquiler de parcelas en el camping<\/h2><div class=\"element bloc-text justify \">\n\t<p>Los puristas del camping, buscan un camping barato en los Pirineos, encontrar\u00e1n su parcela a la sombra de grandes robles o en <strong class=\"bold color2\">campings soleados<\/strong>, por tarifas muy asequibles a partir de 10 euros por noche. <\/p>\n<p>Los servicios nunca est\u00e1n lejos de su campo. 3 instalaciones sanitarias est\u00e1n a su disposici\u00f3n, con ba\u00f1os y duchas calientes en todo momento. <\/p>\n<p>Las plantaciones se mantienen cuidadosamente y mejoran el aspecto natural de la tierra.<\/p>\n<p><strong class=\"bold color2\">Informaci\u00f3n pr\u00e1ctica :<\/strong> Si desea conectarse al suministro el\u00e9ctrico, recuerde traer un adaptador a los terminales europeos y un alargador de unos 15 a 20 m (posibilidad de prestar adaptador y alargador). <\/p>\n<p>Para la mayor felicidad de toda tu familia, te quedar\u00e1s en un <strong class=\"bold color2\">pacifico y natural <\/strong> optando por alquilar un terreno. Con acceso gratuito a nuestros servicios como la piscina, nuestro patio de juegos y nuestro snack bar, vivir\u00e1n momentos inolvidables. <\/p>\n<p>Despu\u00e9s de un d\u00eda descubriendo las bonitas ciudades y pueblos cercanos, disfrutar\u00e1 de nuestra zona de restaurantes para una cena familiar. Luego vuelva a su tienda, caravana o autocaravana en su tranquilo terreno rodeado de verdor. <\/p>\n<\/div><\/div><\/div><\/div><\/section>\n\n<section id=\"section-cta-bottom\"\" class=\"section bg-color3\" \/><div class=\"container extralarge\"><div class=\"element section-title center title-cta\">Descubra nuestros alquileres<\/div><ul class=\"liste-de-page\"><li class=\"element call-to-action carre call-to-action--style-1 call-to-action--normal\"><a href=\"https:\/\/www.camping-pyrenees.com\/es\/pirineos-acampada-baratos\/\"  class=\"call-to-action_link\" title=\"Aprende m\u00e1s sobre nuestras tarifas\"><div class=\"call-to-action_image\"><img decoding=\"async\" src=\"https:\/\/www.camping-pyrenees.com\/wp-content\/uploads\/2020\/11\/village-chalet-camping-100x56.jpg\" data-src=\"https:\/\/www.camping-pyrenees.com\/wp-content\/uploads\/2020\/11\/village-chalet-camping.jpg\" alt=\"village chalet camping\" class=\"normal\" \/><\/div><div class=\"call-to-action_contenu\"><div class=\"call-to-action_titre\">Nuestras tarifas<\/div><\/div><\/a><\/li><li class=\"element call-to-action carre call-to-action--style-1 call-to-action--normal call-to-action--style-1 call-to-action--normal\"><a href=\"https:\/\/www.camping-pyrenees.com\/es\/alquiler-casas-moviles-pirineos\/\"  class=\"call-to-action_link\" title=\"Aprende m\u00e1s sobre nuestras casas m\u00f3viles\"><div class=\"call-to-action_image\"><img decoding=\"async\" src=\"https:\/\/www.camping-pyrenees.com\/wp-content\/uploads\/2021\/04\/MH14.2-1-100x56.jpg\" data-src=\"https:\/\/www.camping-pyrenees.com\/wp-content\/uploads\/2021\/04\/MH14.2-1.jpg\" alt=\"location mobile home camping baretous\" class=\"normal\" \/><\/div><div class=\"call-to-action_contenu\"><div class=\"call-to-action_titre\">Nuestras casas m\u00f3viles<\/div><\/div><\/a><\/li><li class=\"element call-to-action carre call-to-action--style-1 call-to-action--normal call-to-action--style-1 call-to-action--normal call-to-action--style-1 call-to-action--normal\"><a href=\"https:\/\/www.camping-pyrenees.com\/es\/alquiler-chalet-pirineos\/\"  class=\"call-to-action_link\" title=\"Aprende m\u00e1s sobre nuestras casas de campo\"><div class=\"call-to-action_image\"><img decoding=\"async\" src=\"https:\/\/www.camping-pyrenees.com\/wp-content\/uploads\/2020\/11\/chalet-exterieur-100x56.jpg\" data-src=\"https:\/\/www.camping-pyrenees.com\/wp-content\/uploads\/2020\/11\/chalet-exterieur.jpg\" alt=\"chalet exterieur\" class=\"normal\" \/><\/div><div class=\"call-to-action_contenu\"><div class=\"call-to-action_titre\">Nuestras casas de campo<\/div><\/div><\/a><\/li><\/ul><\/div><\/section>","protected":false},"excerpt":{"rendered":"","protected":false},"author":1,"featured_media":1223,"parent":0,"menu_order":0,"comment_status":"closed","ping_status":"closed","template":"","meta":{"_acf_changed":false,"footnotes":""},"class_list":["post-2789","page","type-page","status-publish","has-post-thumbnail","hentry"],"acf":[],"yoast_head":"<!-- This site is optimized with the Yoast SEO plugin v25.3 - https:\/\/yoast.com\/wordpress\/plugins\/seo\/ -->\n<title>Alquilar una parcela Pirineos | Alquiler de parcelas en Aramits (64)<\/title>\n<meta name=\"robots\" content=\"index, follow, max-snippet:-1, max-image-preview:large, max-video-preview:-1\" \/>\n<link rel=\"canonical\" href=\"https:\/\/www.camping-pyrenees.com\/es\/alquiler-parcelas-pirineos\/\" \/>\n<meta property=\"og:locale\" content=\"es_ES\" \/>\n<meta property=\"og:type\" content=\"article\" \/>\n<meta property=\"og:title\" content=\"Alquilar una parcela Pirineos | Alquiler de parcelas en Aramits (64)\" \/>\n<meta property=\"og:url\" content=\"https:\/\/www.camping-pyrenees.com\/es\/alquiler-parcelas-pirineos\/\" \/>\n<meta property=\"og:site_name\" content=\"Camping Baretous PYRENEES\" \/>\n<meta property=\"article:modified_time\" content=\"2021-10-25T08:15:56+00:00\" \/>\n<meta property=\"og:image\" content=\"https:\/\/www.camping-pyrenees.com\/wp-content\/uploads\/2020\/11\/famille-tente.jpg\" \/>\n\t<meta property=\"og:image:width\" content=\"1902\" \/>\n\t<meta property=\"og:image:height\" content=\"450\" \/>\n\t<meta property=\"og:image:type\" content=\"image\/jpeg\" \/>\n<meta name=\"twitter:card\" content=\"summary_large_image\" \/>\n<script type=\"application\/ld+json\" class=\"yoast-schema-graph\">{\"@context\":\"https:\/\/schema.org\",\"@graph\":[{\"@type\":\"WebPage\",\"@id\":\"https:\/\/www.camping-pyrenees.com\/es\/alquiler-parcelas-pirineos\/\",\"url\":\"https:\/\/www.camping-pyrenees.com\/es\/alquiler-parcelas-pirineos\/\",\"name\":\"Alquilar una parcela Pirineos | Alquiler de parcelas en Aramits (64)\",\"isPartOf\":{\"@id\":\"https:\/\/www.camping-pyrenees.com\/es\/#website\"},\"primaryImageOfPage\":{\"@id\":\"https:\/\/www.camping-pyrenees.com\/es\/alquiler-parcelas-pirineos\/#primaryimage\"},\"image\":{\"@id\":\"https:\/\/www.camping-pyrenees.com\/es\/alquiler-parcelas-pirineos\/#primaryimage\"},\"thumbnailUrl\":\"https:\/\/www.camping-pyrenees.com\/wp-content\/uploads\/2020\/11\/famille-tente.jpg\",\"datePublished\":\"2020-10-29T04:27:26+00:00\",\"dateModified\":\"2021-10-25T08:15:56+00:00\",\"breadcrumb\":{\"@id\":\"https:\/\/www.camping-pyrenees.com\/es\/alquiler-parcelas-pirineos\/#breadcrumb\"},\"inLanguage\":\"es\",\"potentialAction\":[{\"@type\":\"ReadAction\",\"target\":[\"https:\/\/www.camping-pyrenees.com\/es\/alquiler-parcelas-pirineos\/\"]}]},{\"@type\":\"ImageObject\",\"inLanguage\":\"es\",\"@id\":\"https:\/\/www.camping-pyrenees.com\/es\/alquiler-parcelas-pirineos\/#primaryimage\",\"url\":\"https:\/\/www.camping-pyrenees.com\/wp-content\/uploads\/2020\/11\/famille-tente.jpg\",\"contentUrl\":\"https:\/\/www.camping-pyrenees.com\/wp-content\/uploads\/2020\/11\/famille-tente.jpg\",\"width\":1902,\"height\":450,\"caption\":\"1195384\"},{\"@type\":\"BreadcrumbList\",\"@id\":\"https:\/\/www.camping-pyrenees.com\/es\/alquiler-parcelas-pirineos\/#breadcrumb\",\"itemListElement\":[{\"@type\":\"ListItem\",\"position\":1,\"name\":\"Camping Pyr\u00e9n\u00e9es\",\"item\":\"https:\/\/www.camping-pyrenees.com\/es\/\"},{\"@type\":\"ListItem\",\"position\":2,\"name\":\"Alquilar una plaza\"}]},{\"@type\":\"WebSite\",\"@id\":\"https:\/\/www.camping-pyrenees.com\/es\/#website\",\"url\":\"https:\/\/www.camping-pyrenees.com\/es\/\",\"name\":\"Camping Baretous PYRENEES\",\"description\":\"\",\"potentialAction\":[{\"@type\":\"SearchAction\",\"target\":{\"@type\":\"EntryPoint\",\"urlTemplate\":\"https:\/\/www.camping-pyrenees.com\/es\/?s={search_term_string}\"},\"query-input\":{\"@type\":\"PropertyValueSpecification\",\"valueRequired\":true,\"valueName\":\"search_term_string\"}}],\"inLanguage\":\"es\"}]}<\/script>\n<!-- \/ Yoast SEO plugin. -->","yoast_head_json":{"title":"Alquilar una parcela Pirineos | Alquiler de parcelas en Aramits (64)","robots":{"index":"index","follow":"follow","max-snippet":"max-snippet:-1","max-image-preview":"max-image-preview:large","max-video-preview":"max-video-preview:-1"},"canonical":"https:\/\/www.camping-pyrenees.com\/es\/alquiler-parcelas-pirineos\/","og_locale":"es_ES","og_type":"article","og_title":"Alquilar una parcela Pirineos | Alquiler de parcelas en Aramits (64)","og_url":"https:\/\/www.camping-pyrenees.com\/es\/alquiler-parcelas-pirineos\/","og_site_name":"Camping Baretous PYRENEES","article_modified_time":"2021-10-25T08:15:56+00:00","og_image":[{"width":1902,"height":450,"url":"https:\/\/www.camping-pyrenees.com\/wp-content\/uploads\/2020\/11\/famille-tente.jpg","type":"image\/jpeg"}],"twitter_card":"summary_large_image","schema":{"@context":"https:\/\/schema.org","@graph":[{"@type":"WebPage","@id":"https:\/\/www.camping-pyrenees.com\/es\/alquiler-parcelas-pirineos\/","url":"https:\/\/www.camping-pyrenees.com\/es\/alquiler-parcelas-pirineos\/","name":"Alquilar una parcela Pirineos | Alquiler de parcelas en Aramits (64)","isPartOf":{"@id":"https:\/\/www.camping-pyrenees.com\/es\/#website"},"primaryImageOfPage":{"@id":"https:\/\/www.camping-pyrenees.com\/es\/alquiler-parcelas-pirineos\/#primaryimage"},"image":{"@id":"https:\/\/www.camping-pyrenees.com\/es\/alquiler-parcelas-pirineos\/#primaryimage"},"thumbnailUrl":"https:\/\/www.camping-pyrenees.com\/wp-content\/uploads\/2020\/11\/famille-tente.jpg","datePublished":"2020-10-29T04:27:26+00:00","dateModified":"2021-10-25T08:15:56+00:00","breadcrumb":{"@id":"https:\/\/www.camping-pyrenees.com\/es\/alquiler-parcelas-pirineos\/#breadcrumb"},"inLanguage":"es","potentialAction":[{"@type":"ReadAction","target":["https:\/\/www.camping-pyrenees.com\/es\/alquiler-parcelas-pirineos\/"]}]},{"@type":"ImageObject","inLanguage":"es","@id":"https:\/\/www.camping-pyrenees.com\/es\/alquiler-parcelas-pirineos\/#primaryimage","url":"https:\/\/www.camping-pyrenees.com\/wp-content\/uploads\/2020\/11\/famille-tente.jpg","contentUrl":"https:\/\/www.camping-pyrenees.com\/wp-content\/uploads\/2020\/11\/famille-tente.jpg","width":1902,"height":450,"caption":"1195384"},{"@type":"BreadcrumbList","@id":"https:\/\/www.camping-pyrenees.com\/es\/alquiler-parcelas-pirineos\/#breadcrumb","itemListElement":[{"@type":"ListItem","position":1,"name":"Camping Pyr\u00e9n\u00e9es","item":"https:\/\/www.camping-pyrenees.com\/es\/"},{"@type":"ListItem","position":2,"name":"Alquilar una plaza"}]},{"@type":"WebSite","@id":"https:\/\/www.camping-pyrenees.com\/es\/#website","url":"https:\/\/www.camping-pyrenees.com\/es\/","name":"Camping Baretous PYRENEES","description":"","potentialAction":[{"@type":"SearchAction","target":{"@type":"EntryPoint","urlTemplate":"https:\/\/www.camping-pyrenees.com\/es\/?s={search_term_string}"},"query-input":{"@type":"PropertyValueSpecification","valueRequired":true,"valueName":"search_term_string"}}],"inLanguage":"es"}]}},"_links":{"self":[{"href":"https:\/\/www.camping-pyrenees.com\/es\/wp-json\/wp\/v2\/pages\/2789"}],"collection":[{"href":"https:\/\/www.camping-pyrenees.com\/es\/wp-json\/wp\/v2\/pages"}],"about":[{"href":"https:\/\/www.camping-pyrenees.com\/es\/wp-json\/wp\/v2\/types\/page"}],"author":[{"embeddable":true,"href":"https:\/\/www.camping-pyrenees.com\/es\/wp-json\/wp\/v2\/users\/1"}],"replies":[{"embeddable":true,"href":"https:\/\/www.camping-pyrenees.com\/es\/wp-json\/wp\/v2\/comments?post=2789"}],"version-history":[{"count":8,"href":"https:\/\/www.camping-pyrenees.com\/es\/wp-json\/wp\/v2\/pages\/2789\/revisions"}],"predecessor-version":[{"id":4060,"href":"https:\/\/www.camping-pyrenees.com\/es\/wp-json\/wp\/v2\/pages\/2789\/revisions\/4060"}],"wp:featuredmedia":[{"embeddable":true,"href":"https:\/\/www.camping-pyrenees.com\/es\/wp-json\/wp\/v2\/media\/1223"}],"wp:attachment":[{"href":"https:\/\/www.camping-pyrenees.com\/es\/wp-json\/wp\/v2\/media?parent=2789"}],"curies":[{"name":"wp","href":"https:\/\/api.w.org\/{rel}","templated":true}]}}