{"id":2841,"date":"2020-10-29T05:29:54","date_gmt":"2020-10-29T04:29:54","guid":{"rendered":"https:\/\/www.camping-pyrenees.com\/visites-pyrennees\/"},"modified":"2021-01-11T11:37:52","modified_gmt":"2021-01-11T10:37:52","slug":"visitas-pirineos","status":"publish","type":"page","link":"https:\/\/www.camping-pyrenees.com\/es\/visitas-pirineos\/","title":{"rendered":"Alentours : Les sites touristiques majeurs"},"content":{"rendered":"<section id=\"section-5f85acbd70cfe\"\" class=\"section bg-white\" \/><div class=\"container extralarge\"><h1 class=\"element section-title center\">Descubre los principales sitios de los Pirineos<\/h1><\/div><\/section>\n\n<section id=\"section-5f85acbd710f2\"\" class=\"section bg-color3 p-t-0 p-b-0\" \/><div class=\"container full\"><div class=\"colonnes-wrap valign-middle \"><div class=\"element colonne p-x-10 p-y-4\"><h2 class=\"element section-title left\">Visitas que no hay que perderse<\/h2><div class=\"element bloc-text justify \">\n\t<p>Descubra durante sus vacaciones en <a href=\"\/es\/\">camping Baretous Pyr\u00e9n\u00e9es<\/a>, una magn\u00edfica regi\u00f3n con un notable patrimonio cultural.<\/p>\n<p>En la encrucijada del B\u00e9arn y el Pa\u00eds Vasco, el camping est\u00e1 situado cerca de muchos de los sitios naturales m\u00e1s importantes de la regi\u00f3n, como la Pierre Saint-Martin, el desfiladero de Kakuetta, la pasarela de Holzarte, la cueva de La Verna, el bosque de Iraty, las cuevas de B\u00e9tharram, el desfiladero de Kakuetta, el puente de Holzarte, el bosque de Iraty&#8230; <\/p>\n<ul>\n<li>El valle de Baretous<\/li>\n<li>La Pierre Saint-Martin<\/li>\n<li>El bosque de Iraty<\/li>\n<li>Le petit train d&#8217;Artouste<\/li>\n<li>El Circo de Lescun<\/li>\n<li>Las cuevas de Betharram<\/li>\n<li>Hospital St. Blaise<\/li>\n<li>Los lagos de Bearn<\/li>\n<li>La costa vasca<\/li>\n<\/ul>\n<p>Durante su estancia en Aramits, en el valle de Bar\u00e9tous, descubra los numerosos sitios tur\u00edsticos de la regi\u00f3n en todas las estaciones. La diversidad de los paisajes le permitir\u00e1 pasar unas agradables vacaciones en los Pirineos. Bearn y el Pa\u00eds Vasco, territorios con fuertes identidades culturales y tradicionales, le encantar\u00e1n.<\/p>\n<\/div><\/div><div class=\"element colonne mozaique-img p-0\"><div class=\"element images\"><div class=\"image\"><img decoding=\"async\" src=\"https:\/\/www.camping-pyrenees.com\/wp-content\/uploads\/2020\/11\/vue-vallee-de-baretous-1-100x95.jpg\" data-src=\"https:\/\/www.camping-pyrenees.com\/wp-content\/uploads\/2020\/11\/vue-vallee-de-baretous-1.jpg\" alt=\"vue vall\u00e9e de bar\u00e9tous\" class=\"images_image\" \/><\/div><div class=\"image\"><img decoding=\"async\" src=\"https:\/\/www.camping-pyrenees.com\/wp-content\/uploads\/2020\/11\/passerelle-holzarte-100x95.jpg\" data-src=\"https:\/\/www.camping-pyrenees.com\/wp-content\/uploads\/2020\/11\/passerelle-holzarte.jpg\" alt=\"passerelle holzarte\" class=\"images_image\" \/><\/div><\/div><div class=\"element images\"><div class=\"image\"><img decoding=\"async\" src=\"https:\/\/www.camping-pyrenees.com\/wp-content\/uploads\/2020\/11\/eau-kakuetta-1-100x94.jpg\" data-src=\"https:\/\/www.camping-pyrenees.com\/wp-content\/uploads\/2020\/11\/eau-kakuetta-1.jpg\" alt=\"eau kakuetta\" class=\"images_image\" \/><\/div><div class=\"image\"><img decoding=\"async\" src=\"https:\/\/www.camping-pyrenees.com\/wp-content\/uploads\/2020\/11\/montagne-train-dartouste-1-100x95.jpg\" data-src=\"https:\/\/www.camping-pyrenees.com\/wp-content\/uploads\/2020\/11\/montagne-train-dartouste-1.jpg\" alt=\"montagne train d'artouste\" class=\"images_image\" \/><\/div><\/div><\/div><\/div><\/div><\/section>\n\n<section id=\"section-5f85a720bbf4a\"\" class=\"section bg-white p-t-0 p-b-0\" \/><div class=\"container full\"><div class=\"colonnes-wrap valign-middle \"><div class=\"element colonne mozaique-img p-0\"><div class=\"element images\"><div class=\"image\"><img decoding=\"async\" src=\"https:\/\/www.camping-pyrenees.com\/wp-content\/uploads\/2020\/11\/repas-fromage-charcuterie-1-100x100.jpg\" data-src=\"https:\/\/www.camping-pyrenees.com\/wp-content\/uploads\/2020\/11\/repas-fromage-charcuterie-1.jpg\" alt=\"repas fromage charcuterie\" class=\"images_image\" \/><\/div><div class=\"image\"><img decoding=\"async\" src=\"https:\/\/www.camping-pyrenees.com\/wp-content\/uploads\/2020\/11\/moutons-culture-pastorale-1-100x100.jpg\" data-src=\"https:\/\/www.camping-pyrenees.com\/wp-content\/uploads\/2020\/11\/moutons-culture-pastorale-1.jpg\" alt=\"moutons culture pastorale\" class=\"images_image\" \/><\/div><\/div><div class=\"element images\"><div class=\"image\"><img decoding=\"async\" src=\"https:\/\/www.camping-pyrenees.com\/wp-content\/uploads\/2020\/11\/mouton-transhumance-1-100x100.jpg\" data-src=\"https:\/\/www.camping-pyrenees.com\/wp-content\/uploads\/2020\/11\/mouton-transhumance-1.jpg\" alt=\"mouton transhumance\" class=\"images_image\" \/><\/div><div class=\"image\"><img decoding=\"async\" src=\"https:\/\/www.camping-pyrenees.com\/wp-content\/uploads\/2020\/11\/vallee-de-baretous-3-100x100.jpg\" data-src=\"https:\/\/www.camping-pyrenees.com\/wp-content\/uploads\/2020\/11\/vallee-de-baretous-3.jpg\" alt=\"vall\u00e9e de baretous\" class=\"images_image\" \/><\/div><\/div><\/div><div class=\"element colonne p-x-10 p-y-4\"><h2 class=\"element section-title left\">Lugares a descubrir cerca del camping<\/h2><div class=\"element bloc-text justify \">\n\t<ul>\n<li><strong class=\"bold color2\">El valle de Baretous: Una tierra de tradici\u00f3n<\/strong><\/li>\n<\/ul>\n<p>El valle de Baretous es uno de los tres valles de B\u00e9arn con Aspe y Ossau. El \u00abValle de los Mosqueteros\u00bb inspir\u00f3 a Alexandre Dumas a escribir su obra maestra, y Henry d&#8217;Aramits fue uno de sus h\u00e9roes literarios.<\/p>\n<p>La <strong class=\"bold color2\">tradici\u00f3n pastoril<\/strong> en el valle est\u00e1 todav\u00eda muy presente hoy en d\u00eda. El festival de los pastores en Aramits es el evento ineludible cada a\u00f1o, el 3er fin de semana de septiembre: el regreso de los pastos de verano, este gran evento donde las ovejas acompa\u00f1adas por su pastor bajan de las monta\u00f1as, la trashumancia de verano llegando a su fin. Durante el festival, los espectadores asistir\u00e1n a la competici\u00f3n de perros pastores, a una exposici\u00f3n de equipos agr\u00edcolas y artesanales, y a la famosa comida de los pastores.<\/p>\n<p>Y en julio y agosto, cada jueves por la noche, se organiza una comida tradicional en Aramits la Cena del Pastor con canciones tradicionales y la proyecci\u00f3n de pel\u00edculas sobre la vida pastoral en el valle.<\/p>\n<p><strong class=\"bold color2\">Un poco de historia :<\/strong> Desde tiempos inmemoriales, los pastores de los valles de Baretous y Roncal (en Espa\u00f1a) han estado pastando sus reba\u00f1os en las alturas del macizo calc\u00e1reo de La Pierre Saint-Martin. En el siglo XIV, una pelea pastoral estall\u00f3 entre los pastores de los dos valles, degener\u00f3 y prendi\u00f3 fuego y sangre a la regi\u00f3n durante a\u00f1os. Soberanos y representantes de la Iglesia intentaron con dificultad poner fin a estos conflictos. S\u00f3lo en 1375 se sell\u00f3 un tratado de paz: la Junta de Roncal. Este pacto se celebra cada a\u00f1o el 13 de julio, y desde entonces los alcaldes de Bar\u00e9tounais han ofrecido tres vacas a sus hom\u00f3logos aragoneses. Este tratado de paz tiene m\u00e1s de seis siglos y hoy sella la amistad de los habitantes de ambos valles. Esta ceremonia es uno de los grandes eventos del valle.<\/p>\n<\/div><\/div><\/div><\/div><\/section>\n\n<section id=\"section-groupe4\"\" class=\"section bg-color3 p-t-0 p-b-0\" \/><div class=\"container full\"><div class=\"colonnes-wrap valign-middle \"><div class=\"element colonne p-x-10 p-y-4\"><div class=\"element bloc-text justify \">\n\t<ul>\n<li><strong class=\"bold color2\">La Pierre Saint-Martin<\/strong><\/li>\n<\/ul>\n<p>El macizo de La Pierre Saint-Martin es un <strong class=\"bold color2\">mayor sitio geol\u00f3gico<\/strong> del Parque Nacional de los Pirineos. Este paisaje rocoso y lunar, esculpido por la erosi\u00f3n y el tiempo, ha creado algunas de las simas y cavernas m\u00e1s espectaculares del mundo.<\/p>\n<p>El camino que va desde Aramits al paso de La Pierre Saint-Martin (1760 m), marca la frontera con Espa\u00f1a y ofrece suntuosos paisajes y panoramas que alternan grandes praderas y vastos bosques. Esta <strong class=\"bold color2\">estaci\u00f3n familiar<\/strong> de deportes de invierno de La <a href=\"https:\/\/www.pyrenees-bearnaises.com\/explorer\/neige\/la-pierre-saint-martin\/\" target=\"_blank\" rel=\"noopener\">Pierre Saint-Martin<\/a>, dominada por el Pic d&#8217;Anie (2504 m), ofrece un \u00e1rea de esqu\u00ed con 24 pistas entre 1.500 y 2.000 metros sobre el nivel del mar. La estaci\u00f3n es muy popular entre las familias por las muchas actividades y entretenimientos que ofrece (esqu\u00ed alpino, esqu\u00ed n\u00f3rdico, trineos, paseos en raquetas de nieve, trineos tirados por perros&#8230;).<\/p>\n<p>En verano, el complejo tambi\u00e9n ofrece muchas actividades como senderismo, ciclismo, bicicleta de monta\u00f1a, espeleolog\u00eda, parapente&#8230;<\/p>\n<ul>\n<li><strong class=\"bold color2\">Les gorges de Kakuetta<\/strong><\/li>\n<\/ul>\n<p>Descubiertas en 1907 por el famoso espele\u00f3logo Edouard Alfred Martel, las Gargantas de Kakuetta es un <strong class=\"bold color2\">sitio excepcional<\/strong>. Este ca\u00f1\u00f3n en el valle del Soule, en el coraz\u00f3n del Pa\u00eds Vasco, de unos 2 kil\u00f3metros de largo con vertiginosas paredes y abundante y exuberante vegetaci\u00f3n, ofrece un viaje al coraz\u00f3n de la <strong class=\"bold color2\">Amazonia Vasca<\/strong>. A lo largo del camino, las pasarelas que se han construido permiten alcanzar con seguridad una cascada para llegar a la Cueva del Lago. Se tarda unas dos horas en ir y volver.<\/p>\n<\/div><\/div><div class=\"element colonne mozaique-img p-0\"><div class=\"element images\"><div class=\"image\"><img decoding=\"async\" src=\"https:\/\/www.camping-pyrenees.com\/wp-content\/uploads\/2020\/11\/randonnee-montagne-100x84.jpg\" data-src=\"https:\/\/www.camping-pyrenees.com\/wp-content\/uploads\/2020\/11\/randonnee-montagne.jpg\" alt=\"randonn\u00e9e montagne\" class=\"images_image\" \/><\/div><div class=\"image\"><img decoding=\"async\" src=\"https:\/\/www.camping-pyrenees.com\/wp-content\/uploads\/2020\/11\/la-pierre-saint-martin-vue-100x84.jpg\" data-src=\"https:\/\/www.camping-pyrenees.com\/wp-content\/uploads\/2020\/11\/la-pierre-saint-martin-vue.jpg\" alt=\"la pierre saint martin vue\" class=\"images_image\" \/><\/div><\/div><div class=\"element images\"><div class=\"image\"><img decoding=\"async\" src=\"https:\/\/www.camping-pyrenees.com\/wp-content\/uploads\/2020\/11\/gorges-kakuetta-1-100x84.jpg\" data-src=\"https:\/\/www.camping-pyrenees.com\/wp-content\/uploads\/2020\/11\/gorges-kakuetta-1.jpg\" alt=\"gorges kakuetta\" class=\"images_image\" \/><\/div><div class=\"image\"><img decoding=\"async\" src=\"https:\/\/www.camping-pyrenees.com\/wp-content\/uploads\/2020\/11\/verdure-gorges-kakuetta-100x84.jpg\" data-src=\"https:\/\/www.camping-pyrenees.com\/wp-content\/uploads\/2020\/11\/verdure-gorges-kakuetta.jpg\" alt=\"verdure gorges kakuetta\" class=\"images_image\" \/><\/div><\/div><\/div><\/div><\/div><\/section>\n\n<section id=\"section-groupe3\"\" class=\"section bg-white p-t-0 p-b-0\" \/><div class=\"container full\"><div class=\"colonnes-wrap valign-middle \"><div class=\"element colonne mozaique-img p-0\"><div class=\"element images\"><div class=\"image\"><img decoding=\"async\" src=\"https:\/\/www.camping-pyrenees.com\/wp-content\/uploads\/2020\/11\/paserelle-holzarte-1-100x84.jpg\" data-src=\"https:\/\/www.camping-pyrenees.com\/wp-content\/uploads\/2020\/11\/paserelle-holzarte-1.jpg\" alt=\"paserelle holzarte\" class=\"images_image\" \/><\/div><div class=\"image\"><img decoding=\"async\" src=\"https:\/\/www.camping-pyrenees.com\/wp-content\/uploads\/2020\/11\/grotte-la-verna-100x84.jpg\" data-src=\"https:\/\/www.camping-pyrenees.com\/wp-content\/uploads\/2020\/11\/grotte-la-verna.jpg\" alt=\"grotte la verna\" class=\"images_image\" \/><\/div><\/div><div class=\"element images\"><div class=\"image\"><img decoding=\"async\" src=\"https:\/\/www.camping-pyrenees.com\/wp-content\/uploads\/2020\/11\/paysage-holzarte-verdure-100x84.jpg\" data-src=\"https:\/\/www.camping-pyrenees.com\/wp-content\/uploads\/2020\/11\/paysage-holzarte-verdure.jpg\" alt=\"paysage holzarte verdure\" class=\"images_image\" \/><\/div><div class=\"image\"><img decoding=\"async\" src=\"https:\/\/www.camping-pyrenees.com\/wp-content\/uploads\/2020\/11\/foret-pont-holzarte-100x84.jpg\" data-src=\"https:\/\/www.camping-pyrenees.com\/wp-content\/uploads\/2020\/11\/foret-pont-holzarte.jpg\" alt=\"foret pont holzarte\" class=\"images_image\" \/><\/div><\/div><\/div><div class=\"element colonne p-x-10 p-y-4\"><div class=\"element bloc-text justify \">\n\t<ul>\n<li><strong class=\"bold color2\">La pasarela de Holzarte<\/strong><\/li>\n<\/ul>\n<p>Construida a principios del siglo XX, la pasarela de Holzarte se utiliz\u00f3 para facilitar la tala de la regi\u00f3n. Sobrepasa el <strong class=\"bold color2\">Garganta de Olhad\u00fcbi<\/strong> a m\u00e1s de 180 metros sobre el ca\u00f1\u00f3n: \u00a1sensaci\u00f3n garantizada! En la ruta del GR10 que cruza los Pirineos, la pasarela es accesible en menos de una hora. Es importante traer buenos zapatos y agua. En cuanto a los m\u00e1s valientes, podr\u00e1n continuar la caminata por los desfiladeros en unas 5 horas.<\/p>\n<ul>\n<li><strong class=\"bold color2\">La Cueva de Verna<\/strong><\/li>\n<\/ul>\n<p>La <a href=\"https:\/\/www.laverna.fr\/\" target=\"_blank\" rel=\"noopener\">Cueva del Alverna<\/a>, descubierta en 1953, es uno de los principales sitios de la regi\u00f3n con su enorme cavidad de 3,5 millones de m3 !! Siete veces el tama\u00f1o de la catedral de Notre-Dame de Paris. Situada bajo el macizo de La Pierre Saint-Martin, es la cavidad natural m\u00e1s grande del mundo abierta al p\u00fablico. Son posibles diferentes visitas variables. Es un alto lugar de la espeleolog\u00eda en Europa.<\/p>\n<ul>\n<li><strong class=\"bold color2\">Bosque de Iraty<\/strong><\/li>\n<\/ul>\n<p>En el coraz\u00f3n del Pa\u00eds Vasco, frente al Pic d&#8217;Orhi (2017m), el bosque de Iraty es el <strong class=\"bold color2\">mayor bosque de hayas de Europa<\/strong>. En este entorno verde y sereno, se marcan multitud de senderos y caminos para bicicletas de monta\u00f1a en las 17.000 hect\u00e1reas de este territorio. Numerosos reba\u00f1os de ovejas, vacas y caballos pastan durante el verano.<\/p>\n<\/div><\/div><\/div><\/div><\/section>\n\n<section id=\"section-groupe2\"\" class=\"section bg-color3 p-t-0 p-b-0\" \/><div class=\"container full\"><div class=\"colonnes-wrap valign-middle \"><div class=\"element colonne p-x-10 p-y-4\"><div class=\"element bloc-text justify \">\n\t<ul>\n<li><strong class=\"bold color2\">El peque\u00f1o tren de Artouste<\/strong><\/li>\n<\/ul>\n<p>El <a href=\"https:\/\/www.valleedossau-tourisme.com\/activites-loisirs\/train-dartouste\/\" target=\"_blank\" rel=\"noopener\">tren de competici\u00f3n de Artouste<\/a>, el tren m\u00e1s alto de Europa, a 2.000 metros sobre el nivel del mar, viaja a 8 km\/h durante casi una hora para cruzar las <strong class=\"bold color2\">pendientes del macizo de Ossau<\/strong>. Esta l\u00ednea, inaugurada en 1930, se utiliz\u00f3 en su momento para la construcci\u00f3n y suministro de centrales hidroel\u00e9ctricas. Esta l\u00ednea de ferrocarril ofrece paisajes impresionantes, un patio de recreo favorito de muchas marmotas. El lago d&#8217;Artouste es el terminal del peque\u00f1o tren y ofrece muchas salidas de senderismo para llegar a los diversos lagos alrededor del Pico de Midi d&#8217;Ossau (2884m).<\/p>\n<ul>\n<li><strong class=\"bold color2\">El circo de Lescun<\/strong><\/li>\n<\/ul>\n<p>Situado en el valle de Aspe a 900 metros de altura, el circo de Lescun es una de las joyas de B\u00e9arn. Este <strong class=\"bold color2\">sitio notable<\/strong>, en la ruta del GR10, ofrece un grandioso panorama de los macizos del Parque Nacional de los Pirineos. Se proponen numerosos caminos a los excursionistas que se cruzar\u00e1n en su camino con reba\u00f1os de vacas y ovejas.<\/p>\n<ul>\n<li><strong class=\"bold color2\">Las cuevas de Betharram<\/strong><\/li>\n<\/ul>\n<p>En la frontera del departamento de los Altos Pirineos, las <a href=\"https:\/\/www.betharram.com\/\" target=\"_blank\" rel=\"noopener\">Grottes de B\u00e9tharram<\/a> fueron descubiertas en 1819 y abiertas al p\u00fablico a principios del siglo XX para convertirse en un <strong class=\"bold color2\">alto lugar de peregrinaci\u00f3n<\/strong>. Este viaje \u00fanico al centro de la tierra, a pie, en tren y en barco, proporciona a sus visitantes una intensa emoci\u00f3n y un recuerdo excepcional.<\/p>\n<\/div><\/div><div class=\"element colonne mozaique-img p-0\"><div class=\"element images\"><div class=\"image\"><img decoding=\"async\" src=\"https:\/\/www.camping-pyrenees.com\/wp-content\/uploads\/2020\/11\/petit-train-artouste-100x84.jpg\" data-src=\"https:\/\/www.camping-pyrenees.com\/wp-content\/uploads\/2020\/11\/petit-train-artouste.jpg\" alt=\"petit train artouste\" class=\"images_image\" \/><\/div><div class=\"image\"><img decoding=\"async\" src=\"https:\/\/www.camping-pyrenees.com\/wp-content\/uploads\/2020\/11\/grottes-betharram-100x84.jpg\" data-src=\"https:\/\/www.camping-pyrenees.com\/wp-content\/uploads\/2020\/11\/grottes-betharram.jpg\" alt=\"grottes b\u00e9tharram\" class=\"images_image\" \/><\/div><\/div><div class=\"element images\"><div class=\"image\"><img decoding=\"async\" src=\"https:\/\/www.camping-pyrenees.com\/wp-content\/uploads\/2020\/11\/vaches-paysage-dartouste-100x84.jpg\" data-src=\"https:\/\/www.camping-pyrenees.com\/wp-content\/uploads\/2020\/11\/vaches-paysage-dartouste.jpg\" alt=\"vaches paysage d'artouste\" class=\"images_image\" \/><\/div><div class=\"image\"><img decoding=\"async\" src=\"https:\/\/www.camping-pyrenees.com\/wp-content\/uploads\/2020\/11\/paysage-train-dartouste-100x84.jpg\" data-src=\"https:\/\/www.camping-pyrenees.com\/wp-content\/uploads\/2020\/11\/paysage-train-dartouste.jpg\" alt=\"paysage train d'artouste\" class=\"images_image\" \/><\/div><\/div><\/div><\/div><\/div><\/section>\n\n<section id=\"section-groupe\"\" class=\"section bg-white p-t-0 p-b-0\" \/><div class=\"container full\"><div class=\"colonnes-wrap valign-middle \"><div class=\"element colonne mozaique-img p-0\"><div class=\"element images\"><div class=\"image\"><img decoding=\"async\" src=\"https:\/\/www.camping-pyrenees.com\/wp-content\/uploads\/2020\/11\/biarritz-plage-95x100.jpg\" data-src=\"https:\/\/www.camping-pyrenees.com\/wp-content\/uploads\/2020\/11\/biarritz-plage.jpg\" alt=\"biarritz plage\" class=\"images_image\" \/><\/div><div class=\"image\"><img decoding=\"async\" src=\"https:\/\/www.camping-pyrenees.com\/wp-content\/uploads\/2020\/11\/biarritz-mer-95x100.jpg\" data-src=\"https:\/\/www.camping-pyrenees.com\/wp-content\/uploads\/2020\/11\/biarritz-mer.jpg\" alt=\"biarritz mer\" class=\"images_image\" \/><\/div><\/div><div class=\"element images\"><div class=\"image\"><img decoding=\"async\" src=\"https:\/\/www.camping-pyrenees.com\/wp-content\/uploads\/2020\/11\/hopital-saint-blaise-95x100.jpg\" data-src=\"https:\/\/www.camping-pyrenees.com\/wp-content\/uploads\/2020\/11\/hopital-saint-blaise.jpg\" alt=\"h\u00f4pital saint blaise\" class=\"images_image\" \/><\/div><div class=\"image\"><img decoding=\"async\" src=\"https:\/\/www.camping-pyrenees.com\/wp-content\/uploads\/2020\/11\/surf-plage-95x100.jpg\" data-src=\"https:\/\/www.camping-pyrenees.com\/wp-content\/uploads\/2020\/11\/surf-plage.jpg\" alt=\"surf plage\" class=\"images_image\" \/><\/div><\/div><\/div><div class=\"element colonne p-x-10 p-y-4\"><div class=\"element bloc-text justify \">\n\t<ul>\n<li><strong class=\"bold color2\">Hospital Sain-Blaise<\/strong><\/li>\n<\/ul>\n<p>Clasificada por la UNESCO como Patrimonio de la Humanidad, esta iglesia rom\u00e1nica del siglo XII, situada en la frontera entre el Bearn y el Pa\u00eds Vasco, revela sus numerosos ornamentos de estilo morisco hispano. Su c\u00fapula se considera una joya arquitect\u00f3nica. La iglesia del <a href=\"https:\/\/www.hopital-saint-blaise.fr\/\" target=\"_blank\" rel=\"noopener\">Hospital Sainte-Blaise<\/a> es una famosa parada de peregrinos en el <a href=\"https:\/\/www.chemins-compostelle.com\/itineraires\/6\/la-voie-d-arles\" target=\"_blank\" rel=\"noopener\">Sendero de Santiago de Compostela<\/a>.<\/p>\n<ul>\n<li><strong class=\"bold color2\">Lagos de monta\u00f1a en B\u00e9arn<\/strong><\/li>\n<\/ul>\n<p>Las principales <a href=\"https:\/\/www.inspyrenees.fr\/les-5-plus-beaux-lacs-de-la-vallee-dossau\/\" target=\"_blank\" rel=\"noopener\">lacs b\u00e9arnais<\/a> est\u00e1n situadas en el valle de Ossau y ofrecen la posibilidad de hacer <strong class=\"bold color2\">excursiones superficiales<\/strong> con espl\u00e9ndidos paisajes: Artouste, Ayous, Montagnon, Bious-Artigues, Arr\u00e9moulit.<\/p>\n<ul>\n<li><strong class=\"bold color2\">La Costa Vasca<\/strong><\/li>\n<\/ul>\n<p>Biarritz, San Juan de Luz, Bidart, Bayona, Anglet, Hendaya, tantas playas y balnearios con su loco encanto y marcada cultura vasca, la tierra del surf por excelencia con las magn\u00edficas playas apreciadas por los deportistas y amantes de la naturaleza. Pasear a lo largo de la costa o pasear por las animadas y coloridas calles. <\/p>\n<p><a href=\"https:\/\/tourisme.biarritz.fr\/\" target=\"_blank\" rel=\"noopener\">Biarritz<\/a> con su historia aristocr\u00e1tica te seducir\u00e1 con su atm\u00f3sfera chic y cl\u00e1sica. <a href=\"https:\/\/www.saint-jean-de-luz.com\/\" target=\"_blank\" rel=\"noopener\">Saint-Jean-de-Luz<\/a> tiene una magn\u00edfica bah\u00eda donde los ni\u00f1os chapotean con total tranquilidad as\u00ed como un encantador puerto pesquero. <a href=\"https:\/\/www.visitbayonne.com\/\" target=\"_blank\" rel=\"noopener\">Bayonne<\/a> siempre ha sido una importante encrucijada comercial en el suroeste, y hoy es bien conocida por sus fiestas que duran cuatro d\u00edas y cinco noches cada a\u00f1o a finales de julio. La ciudad se viste con sus tradicionales colores blanco y rojo. <a href=\"https:\/\/www.bidarttourisme.com\/\" target=\"_blank\" rel=\"noopener\">Bidart<\/a> que tiene cinco kil\u00f3metros de costa es un para\u00edso para los surfistas y excursionistas que pueden disfrutar del Sendero de la Costa desde los muchos puntos de vista con vistas al oc\u00e9ano. <\/p>\n<p>\u00bfY por qu\u00e9 no dar un salto a <a href=\"https:\/\/tourisme.euskadi.eus\/fr\/top10\/localites\/san-sebastian\/aa30-12376\/fr\/\" target=\"_blank\" rel=\"noopener\">San S\u00e9bastien<\/a>? En la estaci\u00f3n de tren de Hendaya, tome el topo (tren) que conecta San S\u00e9bastien en 30 minutos. T\u00fa est\u00e1s ah\u00ed. T\u00f3mese el tiempo para pasear por las calles anchas y sombreadas y disfrutar de los pintxos, las famosas tapas que son el orgullo de la ciudad, y luego disfrute de las amplias playas en el coraz\u00f3n de la ciudad vasca.<\/p>\n<\/div><\/div><\/div><\/div><\/section>\n\n<section id=\"section-cta-bottom\"\" class=\"section bg-color3\" \/><div class=\"container extralarge\"><div class=\"element section-title center title-cta\">Actividades y eventos deportivos<\/div><ul class=\"liste-de-page\"><li class=\"element call-to-action carre call-to-action--style-1 call-to-action--normal\"><a href=\"https:\/\/www.camping-pyrenees.com\/es\/actividades-pirenaicas\/\"  class=\"call-to-action_link\" title=\"Aprende m\u00e1s sobre actividades divertidas\"><div class=\"call-to-action_image\"><img decoding=\"async\" src=\"https:\/\/www.camping-pyrenees.com\/wp-content\/uploads\/2020\/10\/camping-baretous-cta-alentours-activites-ludiques-100x57.jpg\" data-src=\"https:\/\/www.camping-pyrenees.com\/wp-content\/uploads\/2020\/10\/camping-baretous-cta-alentours-activites-ludiques.jpg\" alt=\"\" class=\"normal\" \/><\/div><div class=\"call-to-action_contenu\"><div class=\"call-to-action_titre\">Actividades divertidas<\/div><\/div><\/a><\/li><li class=\"element call-to-action carre call-to-action--style-1 call-to-action--normal call-to-action--style-1 call-to-action--normal\"><a href=\"https:\/\/www.camping-pyrenees.com\/es\/cocina-vasca-bearnesa\/\"  class=\"call-to-action_link\" title=\"Aprende m\u00e1s sobre la cocina vasca-belarnesa\"><div class=\"call-to-action_image\"><img decoding=\"async\" src=\"https:\/\/www.camping-pyrenees.com\/wp-content\/uploads\/2020\/10\/camping-baretous-cta-alentours-gastronomie-100x57.jpg\" data-src=\"https:\/\/www.camping-pyrenees.com\/wp-content\/uploads\/2020\/10\/camping-baretous-cta-alentours-gastronomie.jpg\" alt=\"\" class=\"normal\" \/><\/div><div class=\"call-to-action_contenu\"><div class=\"call-to-action_titre\">La cocina vasca-belarnesa<\/div><\/div><\/a><\/li><li class=\"element call-to-action carre call-to-action--style-1 call-to-action--normal call-to-action--style-1 call-to-action--normal call-to-action--style-1 call-to-action--normal\"><a href=\"https:\/\/www.camping-pyrenees.com\/es\/cita-del-personaje-pirineos\/\"  class=\"call-to-action_link\" title=\"Aprende m\u00e1s sobre ciudades de car\u00e1cter\"><div class=\"call-to-action_image\"><img decoding=\"async\" src=\"https:\/\/www.camping-pyrenees.com\/wp-content\/uploads\/2020\/10\/camping-baretous-cta-alentours-cite-de-caractere-100x57.jpg\" data-src=\"https:\/\/www.camping-pyrenees.com\/wp-content\/uploads\/2020\/10\/camping-baretous-cta-alentours-cite-de-caractere.jpg\" alt=\"\" class=\"normal\" \/><\/div><div class=\"call-to-action_contenu\"><div class=\"call-to-action_titre\">Ciudades de car\u00e1cter<\/div><\/div><\/a><\/li><\/ul><\/div><\/section>","protected":false},"excerpt":{"rendered":"","protected":false},"author":1,"featured_media":1596,"parent":0,"menu_order":0,"comment_status":"closed","ping_status":"closed","template":"","meta":{"_acf_changed":false,"footnotes":""},"class_list":["post-2841","page","type-page","status-publish","has-post-thumbnail","hentry"],"acf":[],"yoast_head":"<!-- This site is optimized with the Yoast SEO plugin v25.3 - https:\/\/yoast.com\/wordpress\/plugins\/seo\/ -->\n<title>Descubra los Pirineos | Visite Aramits y sus alrededores | Vances en 64<\/title>\n<meta name=\"robots\" content=\"index, follow, max-snippet:-1, max-image-preview:large, max-video-preview:-1\" \/>\n<link rel=\"canonical\" href=\"https:\/\/www.camping-pyrenees.com\/es\/visitas-pirineos\/\" \/>\n<meta property=\"og:locale\" content=\"es_ES\" \/>\n<meta property=\"og:type\" content=\"article\" \/>\n<meta property=\"og:title\" content=\"Descubra los Pirineos | Visite Aramits y sus alrededores | Vances en 64\" \/>\n<meta property=\"og:url\" content=\"https:\/\/www.camping-pyrenees.com\/es\/visitas-pirineos\/\" \/>\n<meta property=\"og:site_name\" content=\"Camping Baretous PYRENEES\" \/>\n<meta property=\"article:modified_time\" content=\"2021-01-11T10:37:52+00:00\" \/>\n<meta property=\"og:image\" content=\"https:\/\/www.camping-pyrenees.com\/wp-content\/uploads\/2020\/11\/train-artouste.jpg\" \/>\n\t<meta property=\"og:image:width\" content=\"1902\" \/>\n\t<meta property=\"og:image:height\" content=\"450\" \/>\n\t<meta property=\"og:image:type\" content=\"image\/jpeg\" \/>\n<meta name=\"twitter:card\" content=\"summary_large_image\" \/>\n<script type=\"application\/ld+json\" class=\"yoast-schema-graph\">{\"@context\":\"https:\/\/schema.org\",\"@graph\":[{\"@type\":\"WebPage\",\"@id\":\"https:\/\/www.camping-pyrenees.com\/es\/visitas-pirineos\/\",\"url\":\"https:\/\/www.camping-pyrenees.com\/es\/visitas-pirineos\/\",\"name\":\"Descubra los Pirineos | Visite Aramits y sus alrededores | Vances en 64\",\"isPartOf\":{\"@id\":\"https:\/\/www.camping-pyrenees.com\/es\/#website\"},\"primaryImageOfPage\":{\"@id\":\"https:\/\/www.camping-pyrenees.com\/es\/visitas-pirineos\/#primaryimage\"},\"image\":{\"@id\":\"https:\/\/www.camping-pyrenees.com\/es\/visitas-pirineos\/#primaryimage\"},\"thumbnailUrl\":\"https:\/\/www.camping-pyrenees.com\/wp-content\/uploads\/2020\/11\/train-artouste.jpg\",\"datePublished\":\"2020-10-29T04:29:54+00:00\",\"dateModified\":\"2021-01-11T10:37:52+00:00\",\"breadcrumb\":{\"@id\":\"https:\/\/www.camping-pyrenees.com\/es\/visitas-pirineos\/#breadcrumb\"},\"inLanguage\":\"es\",\"potentialAction\":[{\"@type\":\"ReadAction\",\"target\":[\"https:\/\/www.camping-pyrenees.com\/es\/visitas-pirineos\/\"]}]},{\"@type\":\"ImageObject\",\"inLanguage\":\"es\",\"@id\":\"https:\/\/www.camping-pyrenees.com\/es\/visitas-pirineos\/#primaryimage\",\"url\":\"https:\/\/www.camping-pyrenees.com\/wp-content\/uploads\/2020\/11\/train-artouste.jpg\",\"contentUrl\":\"https:\/\/www.camping-pyrenees.com\/wp-content\/uploads\/2020\/11\/train-artouste.jpg\",\"width\":1902,\"height\":450,\"caption\":\"train artouste\"},{\"@type\":\"BreadcrumbList\",\"@id\":\"https:\/\/www.camping-pyrenees.com\/es\/visitas-pirineos\/#breadcrumb\",\"itemListElement\":[{\"@type\":\"ListItem\",\"position\":1,\"name\":\"Camping Pyr\u00e9n\u00e9es\",\"item\":\"https:\/\/www.camping-pyrenees.com\/es\/\"},{\"@type\":\"ListItem\",\"position\":2,\"name\":\"Los sitios de visita obligada\"}]},{\"@type\":\"WebSite\",\"@id\":\"https:\/\/www.camping-pyrenees.com\/es\/#website\",\"url\":\"https:\/\/www.camping-pyrenees.com\/es\/\",\"name\":\"Camping Baretous PYRENEES\",\"description\":\"\",\"potentialAction\":[{\"@type\":\"SearchAction\",\"target\":{\"@type\":\"EntryPoint\",\"urlTemplate\":\"https:\/\/www.camping-pyrenees.com\/es\/?s={search_term_string}\"},\"query-input\":{\"@type\":\"PropertyValueSpecification\",\"valueRequired\":true,\"valueName\":\"search_term_string\"}}],\"inLanguage\":\"es\"}]}<\/script>\n<!-- \/ Yoast SEO plugin. -->","yoast_head_json":{"title":"Descubra los Pirineos | Visite Aramits y sus alrededores | Vances en 64","robots":{"index":"index","follow":"follow","max-snippet":"max-snippet:-1","max-image-preview":"max-image-preview:large","max-video-preview":"max-video-preview:-1"},"canonical":"https:\/\/www.camping-pyrenees.com\/es\/visitas-pirineos\/","og_locale":"es_ES","og_type":"article","og_title":"Descubra los Pirineos | Visite Aramits y sus alrededores | Vances en 64","og_url":"https:\/\/www.camping-pyrenees.com\/es\/visitas-pirineos\/","og_site_name":"Camping Baretous PYRENEES","article_modified_time":"2021-01-11T10:37:52+00:00","og_image":[{"width":1902,"height":450,"url":"https:\/\/www.camping-pyrenees.com\/wp-content\/uploads\/2020\/11\/train-artouste.jpg","type":"image\/jpeg"}],"twitter_card":"summary_large_image","schema":{"@context":"https:\/\/schema.org","@graph":[{"@type":"WebPage","@id":"https:\/\/www.camping-pyrenees.com\/es\/visitas-pirineos\/","url":"https:\/\/www.camping-pyrenees.com\/es\/visitas-pirineos\/","name":"Descubra los Pirineos | Visite Aramits y sus alrededores | Vances en 64","isPartOf":{"@id":"https:\/\/www.camping-pyrenees.com\/es\/#website"},"primaryImageOfPage":{"@id":"https:\/\/www.camping-pyrenees.com\/es\/visitas-pirineos\/#primaryimage"},"image":{"@id":"https:\/\/www.camping-pyrenees.com\/es\/visitas-pirineos\/#primaryimage"},"thumbnailUrl":"https:\/\/www.camping-pyrenees.com\/wp-content\/uploads\/2020\/11\/train-artouste.jpg","datePublished":"2020-10-29T04:29:54+00:00","dateModified":"2021-01-11T10:37:52+00:00","breadcrumb":{"@id":"https:\/\/www.camping-pyrenees.com\/es\/visitas-pirineos\/#breadcrumb"},"inLanguage":"es","potentialAction":[{"@type":"ReadAction","target":["https:\/\/www.camping-pyrenees.com\/es\/visitas-pirineos\/"]}]},{"@type":"ImageObject","inLanguage":"es","@id":"https:\/\/www.camping-pyrenees.com\/es\/visitas-pirineos\/#primaryimage","url":"https:\/\/www.camping-pyrenees.com\/wp-content\/uploads\/2020\/11\/train-artouste.jpg","contentUrl":"https:\/\/www.camping-pyrenees.com\/wp-content\/uploads\/2020\/11\/train-artouste.jpg","width":1902,"height":450,"caption":"train artouste"},{"@type":"BreadcrumbList","@id":"https:\/\/www.camping-pyrenees.com\/es\/visitas-pirineos\/#breadcrumb","itemListElement":[{"@type":"ListItem","position":1,"name":"Camping Pyr\u00e9n\u00e9es","item":"https:\/\/www.camping-pyrenees.com\/es\/"},{"@type":"ListItem","position":2,"name":"Los sitios de visita obligada"}]},{"@type":"WebSite","@id":"https:\/\/www.camping-pyrenees.com\/es\/#website","url":"https:\/\/www.camping-pyrenees.com\/es\/","name":"Camping Baretous PYRENEES","description":"","potentialAction":[{"@type":"SearchAction","target":{"@type":"EntryPoint","urlTemplate":"https:\/\/www.camping-pyrenees.com\/es\/?s={search_term_string}"},"query-input":{"@type":"PropertyValueSpecification","valueRequired":true,"valueName":"search_term_string"}}],"inLanguage":"es"}]}},"_links":{"self":[{"href":"https:\/\/www.camping-pyrenees.com\/es\/wp-json\/wp\/v2\/pages\/2841"}],"collection":[{"href":"https:\/\/www.camping-pyrenees.com\/es\/wp-json\/wp\/v2\/pages"}],"about":[{"href":"https:\/\/www.camping-pyrenees.com\/es\/wp-json\/wp\/v2\/types\/page"}],"author":[{"embeddable":true,"href":"https:\/\/www.camping-pyrenees.com\/es\/wp-json\/wp\/v2\/users\/1"}],"replies":[{"embeddable":true,"href":"https:\/\/www.camping-pyrenees.com\/es\/wp-json\/wp\/v2\/comments?post=2841"}],"version-history":[{"count":10,"href":"https:\/\/www.camping-pyrenees.com\/es\/wp-json\/wp\/v2\/pages\/2841\/revisions"}],"predecessor-version":[{"id":3151,"href":"https:\/\/www.camping-pyrenees.com\/es\/wp-json\/wp\/v2\/pages\/2841\/revisions\/3151"}],"wp:featuredmedia":[{"embeddable":true,"href":"https:\/\/www.camping-pyrenees.com\/es\/wp-json\/wp\/v2\/media\/1596"}],"wp:attachment":[{"href":"https:\/\/www.camping-pyrenees.com\/es\/wp-json\/wp\/v2\/media?parent=2841"}],"curies":[{"name":"wp","href":"https:\/\/api.w.org\/{rel}","templated":true}]}}