{"id":2861,"date":"2020-10-29T05:30:00","date_gmt":"2020-10-29T04:30:00","guid":{"rendered":"https:\/\/www.camping-pyrenees.com\/cite-de-caractere-pyrenees\/"},"modified":"2021-01-11T11:25:24","modified_gmt":"2021-01-11T10:25:24","slug":"cita-del-personaje-pirineos","status":"publish","type":"page","link":"https:\/\/www.camping-pyrenees.com\/es\/cita-del-personaje-pirineos\/","title":{"rendered":"Alentours : Des cit\u00e9s de caract\u00e8re"},"content":{"rendered":"<section id=\"section-5f85acbd70cfe\"\" class=\"section bg-white\" \/><div class=\"container extralarge\"><h1 class=\"element section-title center\">Ciudades de car\u00e1cter en los Pirineos<\/h1><\/div><\/section>\n\n<section id=\"section-5f85acbd710f2\"\" class=\"section bg-color3 p-t-0 p-b-0\" \/><div class=\"container full\"><div class=\"colonnes-wrap valign-middle \"><div class=\"element colonne p-x-10 p-y-4\"><h2 class=\"element section-title left\">Descubrir el B\u00e9arn y el Pa\u00eds Vasco<\/h2><div class=\"element bloc-text justify \">\n\t<p>Visite tambi\u00e9n estas ciudades de car\u00e1cter en el <strong class=\"bold color2\">patrimonio hist\u00f3rico<\/strong> como Oloron-Sainte-Marie y su catedral Sainte-Marie, Pau y su castillo, Saint-Jean-Pied-de-Port encrucijada estrat\u00e9gica de los caminos de Santiago de Compostela, Navarrenx y sus murallas, Sauveterre-de-B\u00e9arn y su ciudad medieval. <\/p>\n<ul>\n<li>Oloron-Sainte-Marie<\/li>\n<li>Pau<\/li>\n<li>Sauveterre-de-B\u00e9arn<\/li>\n<li>Navarrenx<\/li>\n<li>Saint-Jean-Pied-de-Port<\/li>\n<\/ul>\n<p>Castillos, iglesias, catedrales, bastidas, museos, se les ofrecer\u00e1 la posibilidad de descubrir y visitar estas ciudades ricas en historia cerca de <a href=\"\/es\/\">camping Bar\u00e9tous<\/a>.<\/p>\n<\/div><\/div><div class=\"element colonne mozaique-img p-0\"><div class=\"element images\"><div class=\"image\"><img decoding=\"async\" src=\"https:\/\/www.camping-pyrenees.com\/wp-content\/uploads\/2020\/11\/vue-saint-jean-pied-de-port-100x84.jpg\" data-src=\"https:\/\/www.camping-pyrenees.com\/wp-content\/uploads\/2020\/11\/vue-saint-jean-pied-de-port.jpg\" alt=\"vue saint jean pied de port\" class=\"images_image\" \/><\/div><div class=\"image\"><img decoding=\"async\" src=\"https:\/\/www.camping-pyrenees.com\/wp-content\/uploads\/2020\/11\/ville-pau-100x84.jpg\" data-src=\"https:\/\/www.camping-pyrenees.com\/wp-content\/uploads\/2020\/11\/ville-pau.jpg\" alt=\"ville pau\" class=\"images_image\" \/><\/div><\/div><div class=\"element images\"><div class=\"image\"><img decoding=\"async\" src=\"https:\/\/www.camping-pyrenees.com\/wp-content\/uploads\/2020\/11\/ville-navarrenx-100x84.jpg\" data-src=\"https:\/\/www.camping-pyrenees.com\/wp-content\/uploads\/2020\/11\/ville-navarrenx.jpg\" alt=\"ville navarrenx\" class=\"images_image\" \/><\/div><div class=\"image\"><img decoding=\"async\" src=\"https:\/\/www.camping-pyrenees.com\/wp-content\/uploads\/2020\/11\/saint-jean-pied-de-port-pont-romain-100x84.jpg\" data-src=\"https:\/\/www.camping-pyrenees.com\/wp-content\/uploads\/2020\/11\/saint-jean-pied-de-port-pont-romain.jpg\" alt=\"saint jean pied de port pont romain\" class=\"images_image\" \/><\/div><\/div><\/div><\/div><\/div><\/section>\n\n<section id=\"section-5f85a720bbf4a\"\" class=\"section bg-white p-t-0 p-b-0\" \/><div class=\"container full\"><div class=\"colonnes-wrap valign-middle \"><div class=\"element colonne mozaique-img p-0\"><div class=\"element images\"><div class=\"image\"><img decoding=\"async\" src=\"https:\/\/www.camping-pyrenees.com\/wp-content\/uploads\/2020\/11\/batiment-pau-100x84.jpg\" data-src=\"https:\/\/www.camping-pyrenees.com\/wp-content\/uploads\/2020\/11\/batiment-pau.jpg\" alt=\"batiment pau\" class=\"images_image\" \/><\/div><div class=\"image\"><img decoding=\"async\" src=\"https:\/\/www.camping-pyrenees.com\/wp-content\/uploads\/2020\/11\/oloron-sainte-marie-cathedrale-sainte-marie-100x84.jpg\" data-src=\"https:\/\/www.camping-pyrenees.com\/wp-content\/uploads\/2020\/11\/oloron-sainte-marie-cathedrale-sainte-marie.jpg\" alt=\"oloron sainte marie cath\u00e9drale sainte marie\" class=\"images_image\" \/><\/div><\/div><div class=\"element images\"><div class=\"image\"><img decoding=\"async\" src=\"https:\/\/www.camping-pyrenees.com\/wp-content\/uploads\/2020\/11\/eglisepau-100x84.jpg\" data-src=\"https:\/\/www.camping-pyrenees.com\/wp-content\/uploads\/2020\/11\/eglisepau.jpg\" alt=\"\u00e9glise pau\" class=\"images_image\" \/><\/div><div class=\"image\"><img decoding=\"async\" src=\"https:\/\/www.camping-pyrenees.com\/wp-content\/uploads\/2020\/11\/chateau-de-pau-100x84.jpg\" data-src=\"https:\/\/www.camping-pyrenees.com\/wp-content\/uploads\/2020\/11\/chateau-de-pau.jpg\" alt=\"chateau de pau\" class=\"images_image\" \/><\/div><\/div><\/div><div class=\"element colonne p-x-10 p-y-4\"><h2 class=\"element section-title left\">Los lugares m\u00e1s hermosos para visitar<\/h2><div class=\"element bloc-text justify \">\n\t<ul>\n<li><strong class=\"bold color2\">Oloron-Sainte-Marie : una ciudad rica en historia<\/strong><\/li>\n<\/ul>\n<p>En la confluencia de los gaves de Aspe y Ossau, <a href=\"http:\/\/www.oloron-ste-marie.fr\/Oloron\/histoire-et-patrimoine.php?id_page=18 \"target=\"_blank\" rel=\"noopener\">Oloron-Sainte-Marie<\/a> tiene 2.000 a\u00f1os de historia y un rico patrimonio de los barrios hist\u00f3ricos de Sainte-Marie, Sainte-Croix y Notre-Dame. No hay nada mejor que pasear por las calles de la ciudad seg\u00fan tus deseos, los lugares de la ciudad <strong class=\"bold color2\">para ser visitados<\/strong> :<\/p>\n<ul>\n<li>El <a href=\"https:\/\/pratique.tourisme64.com\/patrimoine-culturel\/oloron-sainte-marie\/cathedrale-sainte-marie-d-oloron-et-tresor\/PCUAQU064FS00061.html\"target=\"_blank\" rel=\"noopener\">catedral Sainte-Marie<\/a> listado como Patrimonio de la Humanidad por la UNESCO, siendo uno de los edificios m\u00e1s notables en <a href=\"https:\/\/www.lepelerin.com\/chemins-pelerinages\/chemin-de-saint-jacques-de-compostelle\/la-voie-darles-vers-saint-jacques-de-compostelle\/oloron-sainte-marie-pyrenees-atlantiques\/\"target=\"_blank\" rel=\"noopener\">los caminos de Santiago de Compostela<\/a>.<\/li>\n<li>La Villa de Arte e Historia que muestra todas las facetas de la cultura y las tradiciones de B\u00e9arn.<\/li>\n<\/ul>\n<p>Ver tambi\u00e9n: <a href=\"https:\/\/www.chemins-compostelle.com\/itineraires\" target=\"_blank\" rel=\"noopener\"\">Las rutas de las Rutas de Santiago de Compostela<\/a>.<\/p>\n<ul>\n<li><strong class=\"bold color2\">Pau<\/strong><\/li>\n<\/ul>\n<p>Prefectura del departamento de Pirineos Atl\u00e1nticos y capital del B\u00e9arn, Pau est\u00e1 orientada hacia los Pirineos. Rica en historia y una fuerte identidad cultural. <a href=\"http:\/\/www.histoire-france.net\/biographie\/henri4 \"target=\"_blank\" rel=\"noopener\">Henri IV<\/a> que naci\u00f3 en Pau en 1553, fue rey de Francia de 1589 a 1610, es la figura hist\u00f3rica m\u00e1s famosa del B\u00e9arn. <a href=\"https:\/\/chateau-pau.fr\/le-chateau \"target=\"_blank\" rel=\"noopener\">El castillo de Pau<\/a> fue construido en un espol\u00f3n rocoso frente a la cadena de los Pirineos en el siglo XIV y es Gast\u00f3n III llamado \u00abLe Ph\u00e9bus\u00bb quien lo convirti\u00f3 en una fortaleza. Este <strong class=\"bold color2\">castello de la Edad Media<\/strong> es el sitio tur\u00edstico m\u00e1s visitado de la ciudad. Calles peatonales, tiendas, restaurantes, los visitantes podr\u00e1n pasear con toda tranquilidad seg\u00fan sus deseos.<\/p>\n<\/div><\/div><\/div><\/div><\/section>\n\n<section id=\"section-gorupe\"\" class=\"section bg-color3 p-t-0 p-b-0\" \/><div class=\"container full\"><div class=\"colonnes-wrap valign-middle \"><div class=\"element colonne p-x-10 p-y-4\"><div class=\"element bloc-text justify \">\n\t<ul>\n<li><strong class=\"bold color2\">Sauveterre-de-B\u00e9arn<\/strong><\/li>\n<\/ul>\n<p><a href=\"https:\/\/www.sauveterre-de-bearn.fr\/tourisme-et-patrimoine\/patrimoine\/patrimoine-medieval\/\"target=\"_blank\" rel=\"noopener\">Sauveterre-de-B\u00e9arn<\/a>, esta <strong class=\"bold color2\">ciudad medieval encantadora<\/strong> con sus impresionantes murallas con vistas al Gave d&#8217;Oloron, le deleitar\u00e1 con su lado suave y tranquilizador. No hay que perderse: El Puente de la Leyenda, la Torre Monr\u00e9al, el Arsenal y la Capilla Sunarthe.<\/p>\n<ul>\n<li><strong class=\"bold color2\">Navarrenx<\/strong><\/li>\n<\/ul>\n<p><strong class=\"bold color2\">Bastide of the XIIth century<\/strong>, <a href=\"https:\/\/www.tourisme-bearn-gaves.com\/decouvrir\/culture-et-patrimoine\/les-cites-du-bearn-des-gaves\/navarrenx-cite-bastionnee\/\"target=\"_blank\" rel=\"noopener\">Navarrenx<\/a> es uno de los \u00abpueblos m\u00e1s bellos de Francia\u00bb y la capital de la pesca del salm\u00f3n. Casi 2 kil\u00f3metros de murallas fortifican la ciudad que parece inexpugnable!! <\/p>\n<p>En el camino a Le Puy, Navarrenx es tambi\u00e9n una ciudad de parada para el <a href=\"https:\/\/www.chemins-compostelle.com\/ville_adherente_base\/278\/navarrenx-pyr-n-es-atlantiques-nouvelle-aquitaine\" target=\"_blank\" rel=\"noopener\">caminos de Saint-Jacques-de-Compostelle<\/a>.<\/p>\n<ul>\n<li><strong class=\"bold color2\">Saint-Jean-Pied-de-Port<\/strong><\/li>\n<\/ul>\n<p>Capital de la Baja Navarra en el Pa\u00eds Vasco, <a href=\"https:\/\/www.en-pays-basque.fr\/territoires-et-destinations\/\" target=\"_blank\" rel=\"noopener\">Saint-Jean-Pied-de-Port<\/a> tiene un casco antiguo rodeado de fortificaciones donde es muy agradable caminar y pasear por sus adoquines. Muy popular entre los peregrinos de Santiago de Compostela, la ciudad es una encrucijada ineludible en la que convergen varios caminos hacia la siguiente parada: la abad\u00eda de Roncesvalles. La ciudadela, la prisi\u00f3n de los obispos, la puerta de Saint-Jacques y el Chemin de Ronde son los principales intereses de la ciudad.<\/p>\n<p>En las laderas de las monta\u00f1as y plantadas en terrazas, el <a href=\"https:\/\/www.irouleguy.net\/fr\/\"target=\"_blank\" rel=\"noopener\">eel vi\u00f1edo de Iroul\u00e9guy<\/a>, el \u00fanico del Pa\u00eds Vasco, le ofrecer\u00e1 vinos rosados y tintos con car\u00e1cter.<\/p>\n<p>T\u00f3mese un momento para ir a ver un juego de pelota vasca en el trinquete o en el front\u00f3n de un pueblo.<\/p>\n<\/div><\/div><div class=\"element colonne mozaique-img p-0\"><div class=\"element images\"><div class=\"image\"><img decoding=\"async\" src=\"https:\/\/www.camping-pyrenees.com\/wp-content\/uploads\/2020\/11\/saint-jean-pied-de-port-1-100x95.jpg\" data-src=\"https:\/\/www.camping-pyrenees.com\/wp-content\/uploads\/2020\/11\/saint-jean-pied-de-port-1.jpg\" alt=\"ville saint jean pied de port\" class=\"images_image\" \/><\/div><div class=\"image\"><img decoding=\"async\" src=\"https:\/\/www.camping-pyrenees.com\/wp-content\/uploads\/2020\/11\/ville-saint-jean-pied-de-port-100x95.jpg\" data-src=\"https:\/\/www.camping-pyrenees.com\/wp-content\/uploads\/2020\/11\/ville-saint-jean-pied-de-port.jpg\" alt=\"ville saint jean pied de port\" class=\"images_image\" \/><\/div><\/div><div class=\"element images\"><div class=\"image\"><img decoding=\"async\" src=\"https:\/\/www.camping-pyrenees.com\/wp-content\/uploads\/2020\/11\/chateau-navarrenx-100x95.jpg\" data-src=\"https:\/\/www.camping-pyrenees.com\/wp-content\/uploads\/2020\/11\/chateau-navarrenx.jpg\" alt=\"chateau navarrenx\" class=\"images_image\" \/><\/div><div class=\"image\"><img decoding=\"async\" src=\"https:\/\/www.camping-pyrenees.com\/wp-content\/uploads\/2020\/11\/vue-sauveterre-de-bearn-100x95.jpg\" data-src=\"https:\/\/www.camping-pyrenees.com\/wp-content\/uploads\/2020\/11\/vue-sauveterre-de-bearn.jpg\" alt=\"vue sauveterre de b\u00e9arn\" class=\"images_image\" \/><\/div><\/div><\/div><\/div><\/div><\/section>\n\n<section id=\"section-cta-bottom\"\" class=\"section bg-white\" \/><div class=\"container extralarge\"><div class=\"element section-title center title-cta\">Descubrir los alrededores<\/div><ul class=\"liste-de-page\"><li class=\"element call-to-action carre call-to-action--style-1 call-to-action--normal\"><a href=\"https:\/\/www.camping-pyrenees.com\/es\/actividades-deportivas-pirenaicas\/\"  class=\"call-to-action_link\" title=\"Aprende m\u00e1s sobre actividades deportivas\"><div class=\"call-to-action_image\"><img decoding=\"async\" src=\"https:\/\/www.camping-pyrenees.com\/wp-content\/uploads\/2020\/10\/camping-baretous-cta-alentours-activites-sportives-100x57.jpg\" data-src=\"https:\/\/www.camping-pyrenees.com\/wp-content\/uploads\/2020\/10\/camping-baretous-cta-alentours-activites-sportives.jpg\" alt=\"\" class=\"normal\" \/><\/div><div class=\"call-to-action_contenu\"><div class=\"call-to-action_titre\">Actividades deportivas<\/div><\/div><\/a><\/li><li class=\"element call-to-action carre call-to-action--style-1 call-to-action--normal call-to-action--style-1 call-to-action--normal\"><a href=\"https:\/\/www.camping-pyrenees.com\/es\/actividades-pirenaicas\/\"  class=\"call-to-action_link\" title=\"Aprende m\u00e1s sobre actividades divertidas\"><div class=\"call-to-action_image\"><img decoding=\"async\" src=\"https:\/\/www.camping-pyrenees.com\/wp-content\/uploads\/2020\/10\/camping-baretous-cta-alentours-activites-ludiques-100x57.jpg\" data-src=\"https:\/\/www.camping-pyrenees.com\/wp-content\/uploads\/2020\/10\/camping-baretous-cta-alentours-activites-ludiques.jpg\" alt=\"\" class=\"normal\" \/><\/div><div class=\"call-to-action_contenu\"><div class=\"call-to-action_titre\">Actividades divertidas<\/div><\/div><\/a><\/li><li class=\"element call-to-action carre call-to-action--style-1 call-to-action--normal call-to-action--style-1 call-to-action--normal call-to-action--style-1 call-to-action--normal\"><a href=\"https:\/\/www.camping-pyrenees.com\/es\/cocina-vasca-bearnesa\/\"  class=\"call-to-action_link\" title=\"Aprende m\u00e1s sobre la cocina vasca-belarnesa\"><div class=\"call-to-action_image\"><img decoding=\"async\" src=\"https:\/\/www.camping-pyrenees.com\/wp-content\/uploads\/2020\/10\/camping-baretous-cta-alentours-gastronomie-100x57.jpg\" data-src=\"https:\/\/www.camping-pyrenees.com\/wp-content\/uploads\/2020\/10\/camping-baretous-cta-alentours-gastronomie.jpg\" alt=\"\" class=\"normal\" \/><\/div><div class=\"call-to-action_contenu\"><div class=\"call-to-action_titre\">La cocina vasca-belarnesa<\/div><\/div><\/a><\/li><\/ul><\/div><\/section>","protected":false},"excerpt":{"rendered":"","protected":false},"author":1,"featured_media":1821,"parent":0,"menu_order":0,"comment_status":"closed","ping_status":"closed","template":"","meta":{"_acf_changed":false,"footnotes":""},"class_list":["post-2861","page","type-page","status-publish","has-post-thumbnail","hentry"],"acf":[],"yoast_head":"<!-- This site is optimized with the Yoast SEO plugin v25.3 - https:\/\/yoast.com\/wordpress\/plugins\/seo\/ -->\n<title>Ciudades que no hay que perderse B\u00e9arn | Ciudades y pueblos de los Pirineos | Vacaciones (64)<\/title>\n<meta name=\"robots\" content=\"index, follow, max-snippet:-1, max-image-preview:large, max-video-preview:-1\" \/>\n<link rel=\"canonical\" href=\"https:\/\/www.camping-pyrenees.com\/es\/cita-del-personaje-pirineos\/\" \/>\n<meta property=\"og:locale\" content=\"es_ES\" \/>\n<meta property=\"og:type\" content=\"article\" \/>\n<meta property=\"og:title\" content=\"Ciudades que no hay que perderse B\u00e9arn | Ciudades y pueblos de los Pirineos | Vacaciones (64)\" \/>\n<meta property=\"og:url\" content=\"https:\/\/www.camping-pyrenees.com\/es\/cita-del-personaje-pirineos\/\" \/>\n<meta property=\"og:site_name\" content=\"Camping Baretous PYRENEES\" \/>\n<meta property=\"article:modified_time\" content=\"2021-01-11T10:25:24+00:00\" \/>\n<meta property=\"og:image\" content=\"https:\/\/www.camping-pyrenees.com\/wp-content\/uploads\/2020\/11\/cite-medievale-sauveterre-de-bearn-1.jpg\" \/>\n\t<meta property=\"og:image:width\" content=\"1903\" \/>\n\t<meta property=\"og:image:height\" content=\"450\" \/>\n\t<meta property=\"og:image:type\" content=\"image\/jpeg\" \/>\n<meta name=\"twitter:card\" content=\"summary_large_image\" \/>\n<script type=\"application\/ld+json\" class=\"yoast-schema-graph\">{\"@context\":\"https:\/\/schema.org\",\"@graph\":[{\"@type\":\"WebPage\",\"@id\":\"https:\/\/www.camping-pyrenees.com\/es\/cita-del-personaje-pirineos\/\",\"url\":\"https:\/\/www.camping-pyrenees.com\/es\/cita-del-personaje-pirineos\/\",\"name\":\"Ciudades que no hay que perderse B\u00e9arn | Ciudades y pueblos de los Pirineos | Vacaciones (64)\",\"isPartOf\":{\"@id\":\"https:\/\/www.camping-pyrenees.com\/es\/#website\"},\"primaryImageOfPage\":{\"@id\":\"https:\/\/www.camping-pyrenees.com\/es\/cita-del-personaje-pirineos\/#primaryimage\"},\"image\":{\"@id\":\"https:\/\/www.camping-pyrenees.com\/es\/cita-del-personaje-pirineos\/#primaryimage\"},\"thumbnailUrl\":\"https:\/\/www.camping-pyrenees.com\/wp-content\/uploads\/2020\/11\/cite-medievale-sauveterre-de-bearn-1.jpg\",\"datePublished\":\"2020-10-29T04:30:00+00:00\",\"dateModified\":\"2021-01-11T10:25:24+00:00\",\"breadcrumb\":{\"@id\":\"https:\/\/www.camping-pyrenees.com\/es\/cita-del-personaje-pirineos\/#breadcrumb\"},\"inLanguage\":\"es\",\"potentialAction\":[{\"@type\":\"ReadAction\",\"target\":[\"https:\/\/www.camping-pyrenees.com\/es\/cita-del-personaje-pirineos\/\"]}]},{\"@type\":\"ImageObject\",\"inLanguage\":\"es\",\"@id\":\"https:\/\/www.camping-pyrenees.com\/es\/cita-del-personaje-pirineos\/#primaryimage\",\"url\":\"https:\/\/www.camping-pyrenees.com\/wp-content\/uploads\/2020\/11\/cite-medievale-sauveterre-de-bearn-1.jpg\",\"contentUrl\":\"https:\/\/www.camping-pyrenees.com\/wp-content\/uploads\/2020\/11\/cite-medievale-sauveterre-de-bearn-1.jpg\",\"width\":1903,\"height\":450},{\"@type\":\"BreadcrumbList\",\"@id\":\"https:\/\/www.camping-pyrenees.com\/es\/cita-del-personaje-pirineos\/#breadcrumb\",\"itemListElement\":[{\"@type\":\"ListItem\",\"position\":1,\"name\":\"Camping Pyr\u00e9n\u00e9es\",\"item\":\"https:\/\/www.camping-pyrenees.com\/es\/\"},{\"@type\":\"ListItem\",\"position\":2,\"name\":\"Ciudades de car\u00e1cter\"}]},{\"@type\":\"WebSite\",\"@id\":\"https:\/\/www.camping-pyrenees.com\/es\/#website\",\"url\":\"https:\/\/www.camping-pyrenees.com\/es\/\",\"name\":\"Camping Baretous PYRENEES\",\"description\":\"\",\"potentialAction\":[{\"@type\":\"SearchAction\",\"target\":{\"@type\":\"EntryPoint\",\"urlTemplate\":\"https:\/\/www.camping-pyrenees.com\/es\/?s={search_term_string}\"},\"query-input\":{\"@type\":\"PropertyValueSpecification\",\"valueRequired\":true,\"valueName\":\"search_term_string\"}}],\"inLanguage\":\"es\"}]}<\/script>\n<!-- \/ Yoast SEO plugin. -->","yoast_head_json":{"title":"Ciudades que no hay que perderse B\u00e9arn | Ciudades y pueblos de los Pirineos | Vacaciones (64)","robots":{"index":"index","follow":"follow","max-snippet":"max-snippet:-1","max-image-preview":"max-image-preview:large","max-video-preview":"max-video-preview:-1"},"canonical":"https:\/\/www.camping-pyrenees.com\/es\/cita-del-personaje-pirineos\/","og_locale":"es_ES","og_type":"article","og_title":"Ciudades que no hay que perderse B\u00e9arn | Ciudades y pueblos de los Pirineos | Vacaciones (64)","og_url":"https:\/\/www.camping-pyrenees.com\/es\/cita-del-personaje-pirineos\/","og_site_name":"Camping Baretous PYRENEES","article_modified_time":"2021-01-11T10:25:24+00:00","og_image":[{"width":1903,"height":450,"url":"https:\/\/www.camping-pyrenees.com\/wp-content\/uploads\/2020\/11\/cite-medievale-sauveterre-de-bearn-1.jpg","type":"image\/jpeg"}],"twitter_card":"summary_large_image","schema":{"@context":"https:\/\/schema.org","@graph":[{"@type":"WebPage","@id":"https:\/\/www.camping-pyrenees.com\/es\/cita-del-personaje-pirineos\/","url":"https:\/\/www.camping-pyrenees.com\/es\/cita-del-personaje-pirineos\/","name":"Ciudades que no hay que perderse B\u00e9arn | Ciudades y pueblos de los Pirineos | Vacaciones (64)","isPartOf":{"@id":"https:\/\/www.camping-pyrenees.com\/es\/#website"},"primaryImageOfPage":{"@id":"https:\/\/www.camping-pyrenees.com\/es\/cita-del-personaje-pirineos\/#primaryimage"},"image":{"@id":"https:\/\/www.camping-pyrenees.com\/es\/cita-del-personaje-pirineos\/#primaryimage"},"thumbnailUrl":"https:\/\/www.camping-pyrenees.com\/wp-content\/uploads\/2020\/11\/cite-medievale-sauveterre-de-bearn-1.jpg","datePublished":"2020-10-29T04:30:00+00:00","dateModified":"2021-01-11T10:25:24+00:00","breadcrumb":{"@id":"https:\/\/www.camping-pyrenees.com\/es\/cita-del-personaje-pirineos\/#breadcrumb"},"inLanguage":"es","potentialAction":[{"@type":"ReadAction","target":["https:\/\/www.camping-pyrenees.com\/es\/cita-del-personaje-pirineos\/"]}]},{"@type":"ImageObject","inLanguage":"es","@id":"https:\/\/www.camping-pyrenees.com\/es\/cita-del-personaje-pirineos\/#primaryimage","url":"https:\/\/www.camping-pyrenees.com\/wp-content\/uploads\/2020\/11\/cite-medievale-sauveterre-de-bearn-1.jpg","contentUrl":"https:\/\/www.camping-pyrenees.com\/wp-content\/uploads\/2020\/11\/cite-medievale-sauveterre-de-bearn-1.jpg","width":1903,"height":450},{"@type":"BreadcrumbList","@id":"https:\/\/www.camping-pyrenees.com\/es\/cita-del-personaje-pirineos\/#breadcrumb","itemListElement":[{"@type":"ListItem","position":1,"name":"Camping Pyr\u00e9n\u00e9es","item":"https:\/\/www.camping-pyrenees.com\/es\/"},{"@type":"ListItem","position":2,"name":"Ciudades de car\u00e1cter"}]},{"@type":"WebSite","@id":"https:\/\/www.camping-pyrenees.com\/es\/#website","url":"https:\/\/www.camping-pyrenees.com\/es\/","name":"Camping Baretous PYRENEES","description":"","potentialAction":[{"@type":"SearchAction","target":{"@type":"EntryPoint","urlTemplate":"https:\/\/www.camping-pyrenees.com\/es\/?s={search_term_string}"},"query-input":{"@type":"PropertyValueSpecification","valueRequired":true,"valueName":"search_term_string"}}],"inLanguage":"es"}]}},"_links":{"self":[{"href":"https:\/\/www.camping-pyrenees.com\/es\/wp-json\/wp\/v2\/pages\/2861"}],"collection":[{"href":"https:\/\/www.camping-pyrenees.com\/es\/wp-json\/wp\/v2\/pages"}],"about":[{"href":"https:\/\/www.camping-pyrenees.com\/es\/wp-json\/wp\/v2\/types\/page"}],"author":[{"embeddable":true,"href":"https:\/\/www.camping-pyrenees.com\/es\/wp-json\/wp\/v2\/users\/1"}],"replies":[{"embeddable":true,"href":"https:\/\/www.camping-pyrenees.com\/es\/wp-json\/wp\/v2\/comments?post=2861"}],"version-history":[{"count":10,"href":"https:\/\/www.camping-pyrenees.com\/es\/wp-json\/wp\/v2\/pages\/2861\/revisions"}],"predecessor-version":[{"id":3138,"href":"https:\/\/www.camping-pyrenees.com\/es\/wp-json\/wp\/v2\/pages\/2861\/revisions\/3138"}],"wp:featuredmedia":[{"embeddable":true,"href":"https:\/\/www.camping-pyrenees.com\/es\/wp-json\/wp\/v2\/media\/1821"}],"wp:attachment":[{"href":"https:\/\/www.camping-pyrenees.com\/es\/wp-json\/wp\/v2\/media?parent=2861"}],"curies":[{"name":"wp","href":"https:\/\/api.w.org\/{rel}","templated":true}]}}